{"id":3,"date":"2023-12-01T15:37:22","date_gmt":"2023-12-01T14:37:22","guid":{"rendered":"https:\/\/platanbisztro.hu\/?page_id=3"},"modified":"2025-11-06T11:19:04","modified_gmt":"2025-11-06T10:19:04","slug":"adatvedelmi-tajekoztato","status":"publish","type":"page","link":"https:\/\/platanbisztro.hu\/en\/adatvedelmi-tajekoztato\/","title":{"rendered":"PRIVACY POLICY"},"content":{"rendered":"<div data-elementor-type=\"wp-page\" data-elementor-id=\"3\" class=\"elementor elementor-3\" data-elementor-post-type=\"page\">\n\t\t\t\t<div class=\"elementor-element elementor-element-3e5c601 e-flex e-con-boxed e-con e-parent\" data-id=\"3e5c601\" data-element_type=\"container\" data-settings=\"{&quot;background_background&quot;:&quot;classic&quot;}\">\n\t\t\t\t\t<div class=\"e-con-inner\">\n\t\t<div class=\"elementor-element elementor-element-8cd1b25 e-con-full e-flex e-con e-child\" data-id=\"8cd1b25\" data-element_type=\"container\" data-settings=\"{&quot;background_background&quot;:&quot;video&quot;}\">\n\t\t\t\t<div class=\"elementor-element elementor-element-3fede91 elementor-mobile-align-justify elementor-align-left elementor-widget__width-auto elementor-widget-mobile__width-inherit elementor-widget elementor-widget-button\" data-id=\"3fede91\" data-element_type=\"widget\" data-widget_type=\"button.default\">\n\t\t\t\t<div class=\"elementor-widget-container\">\n\t\t\t\t\t\t\t\t\t<div class=\"elementor-button-wrapper\">\n\t\t\t\t\t<a class=\"elementor-button elementor-button-link elementor-size-sm\" href=\"https:\/\/platanbisztro.hu\/en\/\">\n\t\t\t\t\t\t<span class=\"elementor-button-content-wrapper\">\n\t\t\t\t\t\t\t\t\t<span class=\"elementor-button-text\">Back<\/span>\n\t\t\t\t\t<\/span>\n\t\t\t\t\t<\/a>\n\t\t\t\t<\/div>\n\t\t\t\t\t\t\t\t<\/div>\n\t\t\t\t<\/div>\n\t\t\t\t<div class=\"elementor-element elementor-element-90572e4 elementor-widget elementor-widget-spacer\" data-id=\"90572e4\" data-element_type=\"widget\" data-widget_type=\"spacer.default\">\n\t\t\t\t<div class=\"elementor-widget-container\">\n\t\t\t\t\t\t\t<div class=\"elementor-spacer\">\n\t\t\t<div class=\"elementor-spacer-inner\"><\/div>\n\t\t<\/div>\n\t\t\t\t\t\t<\/div>\n\t\t\t\t<\/div>\n\t\t\t\t<div class=\"elementor-element elementor-element-e139129 elementor-widget elementor-widget-heading\" data-id=\"e139129\" data-element_type=\"widget\" data-widget_type=\"heading.default\">\n\t\t\t\t<div class=\"elementor-widget-container\">\n\t\t\t\t\t<h2 class=\"elementor-heading-title elementor-size-default\">ADATV\u00c9DELMI T\u00c1J\u00c9KOZTAT\u00d3<\/h2>\t\t\t\t<\/div>\n\t\t\t\t<\/div>\n\t\t\t\t<\/div>\n\t\t\t\t\t<\/div>\n\t\t\t\t<\/div>\n\t\t<div class=\"elementor-element elementor-element-1506fc5e e-flex e-con-boxed e-con e-parent\" data-id=\"1506fc5e\" data-element_type=\"container\">\n\t\t\t\t\t<div class=\"e-con-inner\">\n\t\t\t\t<div class=\"elementor-element elementor-element-7888a8ca elementor-widget elementor-widget-text-editor\" data-id=\"7888a8ca\" data-element_type=\"widget\" data-widget_type=\"text-editor.default\">\n\t\t\t\t<div class=\"elementor-widget-container\">\n\t\t\t\t\t\t\t\t\t\n<h4 class=\"wp-block-heading\">Utols\u00f3 friss\u00edt\u00e9s: 2025. november 6.<\/h4>\n<p>A jelen Adatkezel\u00e9si T\u00e1j\u00e9koztat\u00f3 azt tartalmazza, hogy a Plat\u00e1n Tata egys\u00e9geit \u00fczemeltet\u0151 Plat\u00e1n K\u00e1v\u00e9h\u00e1z Kft. hogyan haszn\u00e1lja \u00e9s v\u00e9di az \u00d6n szem\u00e9lyes adatait.<\/p>\n<p>A Plat\u00e1n K\u00e1v\u00e9h\u00e1z Kft. azon szem\u00e9lyes adatok adatkezel\u0151je, amelyeket vend\u00e9geink vagy leend\u0151 vend\u00e9geink bocs\u00e1tanak rendelkez\u00e9s\u00fcnkre, amikor a weboldalt haszn\u00e1lj\u00e1k, valamint szem\u00e9lyek egy\u00e9b csoportjai eset\u00e9ben, akiket a jelen t\u00e1j\u00e9koztat\u00f3 vend\u00e9gk\u00e9nt azonos\u00edt, \u00e9s akik k\u00fcl\u00f6nb\u00f6z\u0151 csatorn\u00e1kon, \u00fczleti kapcsolattart\u00f3kon \u00e9s a munkat\u00e1rsainkon kereszt\u00fcl l\u00e9pnek vel\u00fcnk kapcsolatba.<\/p>\n<p>A Plat\u00e1n K\u00e1v\u00e9h\u00e1z Kft. \u00fczleti tev\u00e9kenys\u00e9ge sor\u00e1n a vend\u00e9gekt\u0151l, leend\u0151 vend\u00e9gekt\u0151l, \u00fczleti partnerekt\u0151l, munkat\u00e1rsakt\u00f3l \u00e9s m\u00e1s szem\u00e9lyekt\u0151l szem\u00e9lyes adatokat k\u00e9r, szerez \u00e9s dolgoz fel. C\u00e9lunk, hogy a megfelel\u0151 szolg\u00e1ltat\u00e1s ny\u00fajt\u00e1s\u00e1hoz a lehet\u0151 legkevesebb szem\u00e9lyes adatot kelljen kezeln\u00fcnk. Tudom\u00e1sul vessz\u00fck \u00e9s tiszteletben tartjuk a term\u00e9szetes szem\u00e9lyek szem\u00e9lyes adataival \u00e9s adatv\u00e9delemmel kapcsolatos t\u00f6rv\u00e9nyes jogait \u00e9s \u00e9szszer\u0171 elv\u00e1r\u00e1sait.<\/p>\n<p>A jelen Adatkezel\u00e9si T\u00e1j\u00e9koztat\u00f3 azt fejti ki, hogy hogyan biztos\u00edtjuk a szem\u00e9lyes adatok v\u00e9delm\u00e9t.<\/p>\n<p>Az \u00e1ltalunk k\u00f6vetett elvek k\u00f6z\u00fcl t\u00f6bb az EU \u00e1ltal\u00e1nos adatv\u00e9delmi rendelet\u00e9b\u0151l (GDPR)<\/p>\n<p>k\u00f6vetkezik. Ugyanakkor a szem\u00e9lyes adatok v\u00e9delm\u00e9vel \u00e9s az adatv\u00e9delemmel kapcsolatban<\/p>\n<p>valamennyi hat\u00e1lyos jogi k\u00f6vetelm\u00e9nynek megfelel\u00fcnk.<\/p>\n<p>Adatv\u00e9delem\u00e9rt felel\u0151s munkat\u00e1rs: Szeles L\u00e1szl\u00f3<\/p>\n<p>A term\u00e9szetes szem\u00e9lyek (\u201c\u00e9rintettek\u201d) t\u00f6rv\u00e9nyes jogai a GDPR \u00e9rtelm\u00e9ben.<\/p>\n<p>A GDPR szerint az \u201c\u00e9rintettek\u201d olyan, b\u00e1rhol \u00e9l\u0151 term\u00e9szetes szem\u00e9lyek, akik az EU-ban valamely \u201cadatkezel\u0151vel\u201d \u00e1llnak kapcsolatban, vagy olyan, EU-n bel\u00fcli \u00e9l\u0151 term\u00e9szetes szem\u00e9lyek, akik az EU-n k\u00edv\u00fcl valamely adatkezel\u0151vel \u00e1llnak kapcsolatban. Az \u201eadatkezel\u0151\u201d az a jogi szem\u00e9ly, amely a szem\u00e9lyes adatok kezel\u00e9s\u00e9nek m\u00f3dj\u00e1t meghat\u00e1rozza. A \u201cszem\u00e9lyes adat\u201d minden olyan adat, amely az \u00e9rintetthez k\u00f6thet\u0151.<\/p>\n<p><strong>A GDPR \u00e9rtelm\u00e9ben az \u00e9rintettek az al\u00e1bbi egyedi jogokkal rendelkeznek:<\/strong><\/p>\n<ul>\n<li>a) \u00c1tl\u00e1that\u00f3 t\u00e1j\u00e9koztat\u00e1s<\/li>\n<li>b) Saj\u00e1t adatokhoz val\u00f3 hozz\u00e1f\u00e9r\u00e9s<\/li>\n<li>c) Pontatlan adatok helyesb\u00edt\u00e9se<\/li>\n<li>d) T\u00f6rl\u00e9shez (elfeledtet\u00e9shez) val\u00f3 jog bizonyos k\u00f6r\u00fclm\u00e9nyek k\u00f6z\u00f6tt<\/li>\n<li>e) Hozz\u00e1j\u00e1rul\u00e1s visszavon\u00e1sa<\/li>\n<li>f) Az adatkezel\u00e9s korl\u00e1toz\u00e1s\u00e1nak k\u00e9relmez\u00e9se<\/li>\n<li>g) Az adatkezel\u00e9s elleni tiltakoz\u00e1s<\/li>\n<li>h) Ne ker\u00fclj\u00f6n automatiz\u00e1lt d\u00f6nt\u00e9s hat\u00e1lya al\u00e1<\/li>\n<li>i) Adathordozhat\u00f3s\u00e1g<\/li>\n<li>j) \u201cFel\u00fcgyeleti Hat\u00f3s\u00e1gn\u00e1l\u201d panasszal \u00e9lni<\/li>\n<li>k) Hat\u00e9kony b\u00edr\u00f3s\u00e1gi jogorvoslathoz val\u00f3 jog valamely adatkezel\u0151vel vagy adatfeldolgoz\u00f3val szemben!<\/li>\n<\/ul>\n<p>A jelen T\u00e1j\u00e9koztat\u00f3 mindezen jogok \u00f6sszess\u00e9g\u00e9re vonatkozik. E jogok b\u00e1rmelyik\u00e9nek \u00e9rtelm\u00e9ben az \u00d6n k\u00e9r\u00e9se alapj\u00e1n indokolatlan k\u00e9sedelem n\u00e9lk\u00fcl, de legfeljebb egy h\u00f3napon bel\u00fcl v\u00e1laszolunk \u00d6nnek, \u00e9s mindent megtesz\u00fcnk az\u00e9rt, hogy m\u00e9g a bonyolult eseteket is h\u00e1rom h\u00f3napon bel\u00fcl megoldjuk. A v\u00e1laszt elektronikus \u00faton vagy az \u00d6n \u00e1ltal k\u00e9rt egy\u00e9b m\u00f3don juttatjuk el \u00d6nnek. Az els\u0151 megkeres\u00e9sn\u00e9l nem sz\u00e1m\u00edtunk fel d\u00edjat, de fenntartjuk magunknak a jogot, hogy az egy \u00e9ven bel\u00fcl megism\u00e9telt k\u00e9r\u00e9s, illetve az egy\u00e9rtelm\u0171en megalapozatlan vagy t\u00falz\u00f3 jelleg\u0171 k\u00e9r\u00e9s kezel\u00e9s\u00e9\u00e9rt adminisztrat\u00edv d\u00edjat sz\u00e1m\u00edtsunk fel. !<\/p>\n<p><strong>K\u00e9r\u00e9s\u00e9nek feldolgoz\u00e1s\u00e1hoz ellen\u0151rizn\u00fcnk kell az \u00d6n szem\u00e9lyazonoss\u00e1g\u00e1t.<\/strong><\/p>\n<p>Ha \u00fagy gondoljuk, hogy nem sz\u00fcks\u00e9ges az \u00d6n k\u00e9r\u00e9s\u00e9re elj\u00e1rnunk, \u00edr\u00e1sban t\u00e1j\u00e9koztatjuk \u00d6nt d\u00f6nt\u00e9s\u00fcnk indok\u00e1r\u00f3l, valamint az \u00d6n rendelkez\u00e9s\u00e9re \u00e1ll\u00f3 jogorvoslati lehet\u0151s\u00e9gekr\u0151l. E jogokt\u00f3l elt\u00e9r\u0151en, ha \u00d6n \u00fagy gondolja, hogy a Plat\u00e1n K\u00e1v\u00e9h\u00e1z Kft. az \u00d6n szem\u00e9lyes adataival vagy adatainak v\u00e9delm\u00e9vel kapcsolatban helytelen\u00fcl j\u00e1rt el, vegye fel vel\u00fcnk a kapcsolatot, hogy a helyzetet orvosolhassuk.<\/p>\n<p>Hivatalos panaszt e-mailben vagy postai \u00faton tehet, az a KAPCSOLAT men\u00fcpontban megadott el\u00e9rhet\u0151s\u00e9gek egyik\u00e9n.<\/p>\n<p>Igyeksz\u00fcnk indokolatlan k\u00e9sedelem n\u00e9lk\u00fcl, legk\u00e9s\u0151bb egy h\u00f3napon bel\u00fcl v\u00e1laszolni \u00d6nnek.<\/p>\n<p><strong>1.1 \u00c1tl\u00e1that\u00f3 t\u00e1j\u00e9koztat\u00e1s<\/strong><\/p>\n<p>A GDPR \u00e1ltal el\u0151\u00edrt valamennyi inform\u00e1ci\u00f3t t\u00f6m\u00f6r, \u00e1tl\u00e1that\u00f3, \u00e9rthet\u0151 \u00e9s k\u00f6nnyen hozz\u00e1f\u00e9rhet\u0151 form\u00e1ban, vil\u00e1gosan \u00e9s k\u00f6z\u00e9rthet\u0151en megfogalmazva ny\u00fajtjuk. Az inform\u00e1ci\u00f3kat \u00edr\u00e1sban vagy elektronikus \u00faton adjuk meg.<\/p>\n<p>Az al\u00e1bb 1. pontban ismertetett m\u00f3don seg\u00edtj\u00fck \u00d6nt jogai gyakorl\u00e1s\u00e1ban.<\/p>\n<p><strong>1.2 Saj\u00e1t adatokhoz val\u00f3 hozz\u00e1f\u00e9r\u00e9s<\/strong><\/p>\n<p>\u00d6nnek jog\u00e1ban \u00e1ll a Plat\u00e1n K\u00e1v\u00e9h\u00e1z Kft.-t\u0151l igazol\u00e1st k\u00e9rni arr\u00f3l, hogy dolgozunk-e fel \u00d6nre vonatkoz\u00f3 szem\u00e9lyes adatokat, \u00e9s ha igen, k\u00e9rheti az adatokhoz \u00e9s a k\u00f6vetkez\u0151 inform\u00e1ci\u00f3khoz val\u00f3 hozz\u00e1f\u00e9r\u00e9st:<\/p>\n<ul>\n<li>a) Az adatkezel\u00e9s c\u00e9lja<\/li>\n<li>b) Az \u00e9rintett szem\u00e9lyes adatok kateg\u00f3ri\u00e1i<\/li>\n<li>c) Azok a c\u00edmzettek, akikkel a szem\u00e9lyes adatokat k\u00f6z\u00f6lt\u00fck vagy k\u00f6z\u00f6lni fogjuk, k\u00fcl\u00f6n\u00f6s tekintettel a nem EU-tag\u00e1llamokban tal\u00e1lhat\u00f3 c\u00edmzettekre<\/li>\n<li>d) A szem\u00e9lyes adatok t\u00e1rol\u00e1s\u00e1nak id\u0151tartama<\/li>\n<li>e) Hogy \u00d6nnek jog\u00e1ban \u00e1ll szem\u00e9lyes adatainak helyesb\u00edt\u00e9s\u00e9t vagy t\u00f6rl\u00e9s\u00e9t, vagy szem\u00e9lyes adatai kezel\u00e9s\u00e9nek korl\u00e1toz\u00e1s\u00e1t k\u00e9rni t\u0151l\u00fcnk, vagy e kezel\u00e9s ellen tiltakozni<\/li>\n<li>f) Hogy \u00d6nnek jog\u00e1ban \u00e1ll a Fel\u00fcgyeleti Hat\u00f3s\u00e1ghoz panasszal fordulni<\/li>\n<li>g) Amennyiben a szem\u00e9lyes adatokat nem k\u00f6zvetlen\u00fcl \u00d6nt\u0151l gy\u0171jtj\u00fck, ezen adatok forr\u00e1sa<\/li>\n<li>h) Hogy az adatok alapj\u00e1n ker\u00fclt-e sor automatiz\u00e1lt d\u00f6nt\u00e9shozatalra, \u00e9s ha igen, az alkalmazott logik\u00e1ra \u00e9s arra vonatkoz\u00f3an \u00e9rthet\u0151 inform\u00e1ci\u00f3k, hogy az ilyen adatkezel\u00e9s milyen jelent\u0151s\u00e9ggel, \u00e9s \u00d6nre n\u00e9zve milyen v\u00e1rhat\u00f3 k\u00f6vetkezm\u00e9nyekkel b\u00edr<\/li>\n<li>i) Amennyiben az \u00d6n szem\u00e9lyes adatait egy EU-n k\u00edv\u00fcli orsz\u00e1gba tov\u00e1bb\u00edtjuk, az \u00d6n jogait v\u00e9d\u0151 megfelel\u0151 garanci\u00e1kat biztos\u00edtjuk \u00d6nnek<\/li>\n<\/ul>\n<p><strong>1.3 Pontatlan adatok helyesb\u00edt\u00e9se<\/strong><\/p>\n<p>Ha \u00d6nr\u0151l pontatlan vagy hi\u00e1nyos szem\u00e9lyes adatokat t\u00e1rolunk, azokat az \u00d6n k\u00e9r\u00e9s\u00e9nek be\u00e9rkez\u00e9s\u00e9t k\u00f6vet\u0151en indokolatlan k\u00e9sedelem n\u00e9lk\u00fcl helyesb\u00edtj\u00fck.<\/p>\n<p><strong>1.4 T\u00f6rl\u00e9shez (elfeledtet\u00e9shez) val\u00f3 jog<\/strong><\/p>\n<p>\u00d6nnek jog\u00e1ban \u00e1ll szem\u00e9lyes adatainak t\u00f6rl\u00e9s\u00e9t, valamint azt k\u00e9rni t\u0151l\u00fcnk, hogy indokolatlan k\u00e9sedelem n\u00e9lk\u00fcl teljes\u00edts\u00fck e k\u00e9r\u00e9s\u00e9t, ha az al\u00e1bbi okok valamelyike fenn\u00e1ll:<\/p>\n<ul>\n<li>a) Az \u00d6n szem\u00e9lyes adataira az adatkezel\u00e9s eredeti c\u00e9ljaival \u00f6sszef\u00fcgg\u00e9sben m\u00e1r nincs sz\u00fcks\u00e9g<\/li>\n<li>b) \u00d6n visszavonta a hozz\u00e1j\u00e1rul\u00e1s\u00e1t, \u00e9s \u00edgy t\u00f6bb\u00e9 nincs jogalapunk az adatok kezel\u00e9s\u00e9re<\/li>\n<li>c) Az adatkezel\u00e9s jogszer\u0171s\u00e9g\u00e9nek alapj\u00e1t jogos \u00e9rdekeink szolg\u00e1ltatj\u00e1k, \u00e9s \u00d6n azt \u00e1ll\u00edtja, hogy nincs az \u00d6n \u00e9rdek\u00e9vel, jogaival \u00e9s szabads\u00e1gjogaival szemben els\u0151bbs\u00e9get \u00e9lvez\u0151 jogszer\u0171 ok az adatkezel\u00e9sre<\/li>\n<li>d) Az adatkezel\u00e9s c\u00e9lja k\u00f6zvetlen \u00fczletszerz\u00e9s, \u00e9s \u00d6n ez ellen tiltakozik<\/li>\n<li>e) Jogellenesen kezelt\u00fck adatait<\/li>\n<li>f) Az \u00d6n adatait a r\u00e1nk vonatkoz\u00f3 uni\u00f3s vagy tag\u00e1llami jogban el\u0151\u00edrt jogi k\u00f6telezetts\u00e9g teljes\u00edt\u00e9s\u00e9hez t\u00f6r\u00f6lni kell !S<\/li>\n<\/ul>\n<p><strong>Szem\u00e9lyes adatait nem t\u00f6r\u00f6lhetj\u00fck, ha az adatkezel\u00e9s az al\u00e1bbi okokb\u00f3l sz\u00fcks\u00e9ges:<\/strong><\/p>\n<ul>\n<li>a) a v\u00e9lem\u00e9nynyilv\u00e1n\u00edt\u00e1s szabads\u00e1g\u00e1hoz \u00e9s a t\u00e1j\u00e9koz\u00f3d\u00e1shoz val\u00f3 jog gyakorl\u00e1sa c\u00e9lj\u00e1b\u00f3l;<\/li>\n<li>b) a szem\u00e9lyes adatok kezel\u00e9s\u00e9t el\u0151\u00edr\u00f3, jog szerinti k\u00f6telezetts\u00e9g teljes\u00edt\u00e9se;<\/li>\n<li>c) a n\u00e9peg\u00e9szs\u00e9g\u00fcgy ter\u00fclet\u00e9t \u00e9rint\u0151 k\u00f6z\u00e9rdek alapj\u00e1n;<\/li>\n<li>d) k\u00f6z\u00e9rdek\u0171 archiv\u00e1l\u00e1s c\u00e9lj\u00e1b\u00f3l, tudom\u00e1nyos \u00e9s t\u00f6rt\u00e9nelmi kutat\u00e1si c\u00e9lb\u00f3l vagy statisztikai c\u00e9lb\u00f3l, amennyiben az ilyen k\u00e9r\u00e9s val\u00f3sz\u00edn\u0171s\u00edthet\u0151en lehetetlenn\u00e9 tenn\u00e9 vagy komolyan vesz\u00e9lyeztetn\u00e9 ezt az adatkezel\u00e9st; vagy<\/li>\n<li>e) jogi ig\u00e9nyek el\u0151terjeszt\u00e9s\u00e9hez, \u00e9rv\u00e9nyes\u00edt\u00e9s\u00e9hez, illetve v\u00e9delm\u00e9hez.<\/li>\n<\/ul>\n<p>Az \u00d6n adatai \u00e1tmenetileg e t\u00f6rl\u00e9st k\u00f6vet\u0151en biztons\u00e1gi m\u00e1solatk\u00e9nt m\u00e9g megmaradnak, de informatikai biztons\u00e1gi technik\u00e1k seg\u00edts\u00e9g\u00e9vel biztos\u00edtjuk, hogy ezekhez a m\u00e1solatokhoz kiz\u00e1r\u00f3lag adatveszt\u00e9s eset\u00e9n az adatb\u00e1zis vissza\u00e1ll\u00edt\u00e1s\u00e1nak c\u00e9lj\u00e1b\u00f3l lehessen hozz\u00e1f\u00e9rni, \u00e9s hogy azokat az adatok felfed\u00e9se \u00e9rdek\u00e9ben ne lehessen m\u00e1solni. A biztons\u00e1gi m\u00e1solatokat rot\u00e1ci\u00f3s alapon [12 h\u00f3napon] bel\u00fcl megsemmis\u00edtj\u00fck.<\/p>\n<p><strong>1.5 Hozz\u00e1j\u00e1rul\u00e1s visszavon\u00e1sa<\/strong><\/p>\n<p>Amennyiben \u00d6n hozz\u00e1j\u00e1rul\u00e1s\u00e1t adta az \u00e1ltalunk v\u00e9gzett adatkezel\u00e9shez, hozz\u00e1j\u00e1rul\u00e1s\u00e1t b\u00e1rmikor visszavonhatja. Ezt megteheti \u00fagy, hogy a 2. (Tev\u00e9kenys\u00e9gek) fejezet megfelel\u0151 pontj\u00e1ban megadott e-mailc\u00edmre elk\u00fcldi k\u00e9r\u00e9s\u00e9t, amely fejezet azon tev\u00e9kenys\u00e9geket sorolja fel, amelyek eset\u00e9ben szem\u00e9lyes adatokat kezel\u00fcnk. M\u00e1sik lehet\u0151s\u00e9gk\u00e9nt az al\u00e1bbi 1.11. pontban megadott c\u00edmre is \u00edrhat nek\u00fcnk.<\/p>\n<p>Az \u00d6n hozz\u00e1j\u00e1rul\u00e1s\u00e1nak visszavon\u00e1sa nem \u00e9rinti az \u00e1ltalunk m\u00e1r elv\u00e9gzett adatkezel\u00e9st. !<\/p>\n<p><strong>1.6 Az adatkezel\u00e9s korl\u00e1toz\u00e1s\u00e1nak k\u00e9relmez\u00e9se<\/strong><\/p>\n<p>\u00d6n k\u00e9rheti, hogy a Plat\u00e1n K\u00e1v\u00e9h\u00e1z Kft. korl\u00e1tozza szem\u00e9lyes adatainak kezel\u00e9s\u00e9t, ha az al\u00e1bbiak valamelyike teljes\u00fcl:<\/p>\n<p>\u00d6n vitatja a szem\u00e9lyes adatok pontoss\u00e1g\u00e1t Az \u00e1ltalunk v\u00e9gzett adatkezel\u00e9s jogellenes, de \u00d6n ellenzi az adatok t\u00f6rl\u00e9s\u00e9t, \u00e9s ehelyett k\u00e9ri azok felhaszn\u00e1l\u00e1s\u00e1nak korl\u00e1toz\u00e1s\u00e1t<\/p>\n<p>Az eredeti c\u00e9lb\u00f3l m\u00e1r nincs sz\u00fcks\u00e9g\u00fcnk a szem\u00e9lyes adatokra, de \u00d6n ig\u00e9nyli azokat jogi ig\u00e9nyek el\u0151terjeszt\u00e9s\u00e9hez, \u00e9rv\u00e9nyes\u00edt\u00e9s\u00e9hez vagy v\u00e9delm\u00e9hez<\/p>\n<p>\u00d6n tiltakozik az \u00e1ltalunk v\u00e9gzett adatkezel\u00e9s ellen annak alapj\u00e1n, hogy jogalapk\u00e9nt \u201cjogos \u00e9rdekeinket\u201d nevezt\u00fck meg, de \u00d6n azt \u00e1ll\u00edtja, hogy az \u00d6n \u201c\u00e9rdekei, jogai \u00e9s szabads\u00e1gai\u201d azokkal szemben els\u0151bbs\u00e9get \u00e9lveznek.<\/p>\n<p>Ha az adatkezel\u00e9s az \u00d6n tiltakoz\u00e1sa alapj\u00e1n korl\u00e1toz\u00e1s al\u00e1 esik, az ilyen szem\u00e9lyes adatokat a<\/p>\n<p>t\u00e1rol\u00e1s kiv\u00e9tel\u00e9vel csak az \u00d6n hozz\u00e1j\u00e1rul\u00e1s\u00e1val lehet kezelni, vagy:<\/p>\n<ol>\n<li>a) jogi ig\u00e9nyek el\u0151terjeszt\u00e9s\u00e9hez, \u00e9rv\u00e9nyes\u00edt\u00e9s\u00e9hez, illetve v\u00e9delm\u00e9hez<\/li>\n<li>b) m\u00e1s szem\u00e9ly jogainak v\u00e9delme \u00e9rdek\u00e9ben, vagy<\/li>\n<li>c) az Uni\u00f3, illetve valamely tag\u00e1llam fontos k\u00f6z\u00e9rdek\u00e9b\u0151l.<\/li>\n<\/ol>\n<p>Az adatkezel\u00e9s korl\u00e1toz\u00e1sa eset\u00e9n e korl\u00e1toz\u00e1s felold\u00e1s\u00e1r\u00f3l el\u0151zetesen t\u00e1j\u00e9koztatjuk \u00d6nt.<\/p>\n<p>Gyakorlati m\u0171k\u00f6d\u00e9si szempontok megakad\u00e1lyozhatj\u00e1k, hogy pontosan a GDPR \u00e1ltal el\u0151\u00edrt m\u00f3don<\/p>\n<p>korl\u00e1tozzuk az adatkezel\u00e9st, de ilyen esetben \u00d6nnel egy\u00fcttm\u0171k\u00f6dve igyeksz\u00fcnk kiel\u00e9g\u00edt\u0151 megold\u00e1st<\/p>\n<p>tal\u00e1lni.<\/p>\n<p><strong>1.7 Az adatkezel\u00e9s elleni tiltakoz\u00e1s<\/strong><\/p>\n<p>\u00d6n jogosult arra, hogy tiltakozzon szem\u00e9lyes adatainak \u00e1ltalunk v\u00e9gzett kezel\u00e9se ellen,<\/p>\n<p>amennyiben:<\/p>\n<p>Az adatkezel\u00e9s jogszer\u0171s\u00e9g\u00e9nek alapjak\u00e9nt saj\u00e1t \u201cjogos \u00e9rdekeink\u201d szolg\u00e1lnak, de \u00d6n azt<\/p>\n<p>\u00e1ll\u00edtja, hogy az \u00d6n \u201c\u00e9rdekei, jogai \u00e9s szabads\u00e1gai\u201d azokkal szemben els\u0151bbs\u00e9get \u00e9lveznek<\/p>\n<p>Az \u00d6n adatait k\u00f6zvetlen \u00fczletszerz\u00e9s \u00e9rdek\u00e9ben kezelj\u00fck, ide\u00e9rtve a profilalkot\u00e1st is,<\/p>\n<p>amennyiben az a k\u00f6zvetlen \u00fczletszerz\u00e9shez kapcsol\u00f3dik. (A profilalkot\u00e1s olyan automatiz\u00e1lt<\/p>\n<p>d\u00f6nt\u00e9shozatal, amelynek sor\u00e1n a gazdas\u00e1gi helyzethez, szem\u00e9lyes preferenci\u00e1khoz vagy<\/p>\n<p>tart\u00f3zkod\u00e1si helyhez kapcsol\u00f3d\u00f3 jellemz\u0151ket elemzik, vagy el\u0151re jelzik azokat.) Ilyen<\/p>\n<p>tiltakoz\u00e1s eset\u00e9n az \u00d6n szem\u00e9lyes adatait az eml\u00edtett c\u00e9lokb\u00f3l t\u00f6bb\u00e9 m\u00e1r nem kezelhetj\u00fck. !!<\/p>\n<p><strong>1.8 Ne ker\u00fclj\u00f6n automatiz\u00e1lt d\u00f6nt\u00e9s hat\u00e1lya al\u00e1<\/strong><\/p>\n<p>\u00d6n jogosult arra, hogy ne terjedjen ki \u00d6nre az olyan, kiz\u00e1r\u00f3lag automatiz\u00e1lt adatkezel\u00e9sen alapul\u00f3<\/p>\n<p>d\u00f6nt\u00e9s hat\u00e1lya, amely \u00d6nre n\u00e9zve joghat\u00e1ssal j\u00e1rna vagy \u00d6nt hasonl\u00f3k\u00e9ppen jelent\u0151s m\u00e9rt\u00e9kben<\/p>\n<p>\u00e9rinten\u00e9.<\/p>\n<p>Ez azonban nem alkalmazand\u00f3 abban az esetben, ha:<\/p>\n<ol>\n<li>a) a d\u00f6nt\u00e9s az \u00d6n \u00e9s k\u00f6z\u00f6tt\u00fcnk fenn\u00e1ll\u00f3 szerz\u0151d\u00e9s megk\u00f6t\u00e9se vagy teljes\u00edt\u00e9se \u00e9rdek\u00e9ben sz\u00fcks\u00e9ges,<\/li>\n<\/ol>\n<p>vagy<\/p>\n<ol>\n<li>b) az automatiz\u00e1lt folyamatot olyan uni\u00f3s vagy tag\u00e1llami jog teszi lehet\u0151v\u00e9, amely az \u00d6n jogainak<\/li>\n<\/ol>\n<p>\u00e9s szabads\u00e1gainak, valamint jogos \u00e9rdekeinek v\u00e9delm\u00e9t szolg\u00e1l\u00f3 megfelel\u0151 int\u00e9zked\u00e9seket is<\/p>\n<p>meg\u00e1llap\u00edt.<\/p>\n<p>Az a) esetben az \u00d6n jogainak, szabads\u00e1gainak \u00e9s jogos \u00e9rdekeinek v\u00e9delm\u00e9hez megfelel\u0151<\/p>\n<p>int\u00e9zked\u00e9seket kell v\u00e9grehajtanunk, ide\u00e9rtve legal\u00e1bb \u00d6nnek azt a jog\u00e1t, hogy r\u00e9sz\u00fcnkr\u0151l emberi<\/p>\n<p>beavatkoz\u00e1st k\u00e9rjen, \u00e1ll\u00e1spontj\u00e1t kifejezze, \u00e9s a d\u00f6nt\u00e9ssel szemben kifog\u00e1st ny\u00fajtson be.<\/p>\n<p><strong>1.9 Adathordozhat\u00f3s\u00e1g<\/strong><\/p>\n<p>A GDPR \u00e9rtelm\u00e9ben az \u00e9rintett jogosult arra, hogy bizonyos k\u00f6r\u00fclm\u00e9nyek k\u00f6z\u00f6tt a r\u00e1 vonatkoz\u00f3<\/p>\n<p>szem\u00e9lyes adatokat \u201ctagolt, sz\u00e9les k\u00f6rben haszn\u00e1lt, g\u00e9ppel olvashat\u00f3 form\u00e1tumban\u201d megkapja. Az<\/p>\n<p>\u00e9rintett arra is jogosult, hogy az adatokat az adatkezel\u0151k egym\u00e1s k\u00f6z\u00f6tt k\u00f6zvetlen\u00fcl tov\u00e1bb\u00edts\u00e1k, ha<\/p>\n<p>ez technikailag megval\u00f3s\u00edthat\u00f3.<\/p>\n<p>Amennyiben \u00d6n a fenti 1.2. pont alapj\u00e1n hozz\u00e1f\u00e9r\u00e9st k\u00e9r szem\u00e9lyes adataihoz, ezeket \u00e1ltal\u00e1ban<\/p>\n<p>sz\u00e9les k\u00f6rben haszn\u00e1lt elektronikus form\u00e1tumban bocs\u00e1tjuk az \u00d6n rendelkez\u00e9s\u00e9re, kiv\u00e9ve, ha \u00d6n<\/p>\n<p>kifejezetten azt k\u00e9ri, hogy \u00edr\u00e1sos form\u00e1ban k\u00fcldj\u00fck el \u00d6nnek az adatokat.<\/p>\n<p>\u00a0<\/p>\n<p><strong>1.10 Fel\u00fcgyeleti Hat\u00f3s\u00e1gn\u00e1l<\/strong><\/p>\n<p>Ha \u00d6n \u00fagy v\u00e9li, hogy a GDPR \u00e9rtelm\u00e9ben tisztess\u00e9gtelen\u00fcl vagy jogszer\u0171tlen\u00fcl j\u00e1rtunk el \u00d6nnel<\/p>\n<p>szemben, az adatv\u00e9delmi Fel\u00fcgyeleti Hat\u00f3s\u00e1gn\u00e1l panasszal \u00e9lhet. Ha \u00d6n \u00e9letvitelszer\u0171en nem<\/p>\n<p>Magyarorsz\u00e1gon, hanem egy m\u00e1sik EU tag\u00e1llamban tart\u00f3zkodik, jog\u00e1ban \u00e1ll az \u00e9rintett orsz\u00e1g<\/p>\n<p>Fel\u00fcgyeleti Hat\u00f3s\u00e1g\u00e1n\u00e1l panaszt tenni.<\/p>\n<p>Az al\u00e1bbi linken tal\u00e1lja az adatv\u00e9delmi hat\u00f3s\u00e1gok nev\u00e9t \u00e9s el\u00e9rhet\u0151s\u00e9g\u00e9t:<\/p>\n<p><a href=\"http:\/\/ec.europa.eu\/justice\/data-protection\/article-29\/structure\/data-protection-authorities\/\" data-saferedirecturl=\"https:\/\/www.google.com\/url?q=http:\/\/ec.europa.eu\/justice\/data-protection\/article-29\/structure\/data-protection-authorities\/&amp;source=gmail&amp;ust=1646378952880000&amp;usg=AOvVaw14zsKqL_FJlQu7iqshlzbu\" target=\"_blank\" rel=\"noopener\">http:\/\/ec.europa.eu\/justice\/data-protection\/article-29\/structure\/data-protection-authorities\/<\/a><\/p>\n<p>index_en.htm<\/p>\n<p>Ha \u00d6n \u00e9letvitelszer\u0171en Magyarorsz\u00e1gon vagy az EU-n k\u00edv\u00fcli orsz\u00e1gban tart\u00f3zkodik, a magyar<\/p>\n<p>hat\u00f3s\u00e1ghoz fordulhat panasz\u00e1val: !<\/p>\n<p>Nemzeti Adatv\u00e9delmi \u00e9s Inform\u00e1ci\u00f3szabads\u00e1g Hat\u00f3s\u00e1g<\/p>\n<p>Sz\u00e9khely \/ Legal seat :\u00a0<a href=\"https:\/\/www.google.com\/maps\/search\/1055+Budapest,+Falk+Miksa+u.+9-11?entry=gmail&amp;source=g\" data-saferedirecturl=\"https:\/\/www.google.com\/url?q=https:\/\/www.google.com\/maps\/search\/1055%2BBudapest,%2BFalk%2BMiksa%2Bu.%2B9-11?entry%3Dgmail%26source%3Dg&amp;source=gmail&amp;ust=1646378952880000&amp;usg=AOvVaw1aYRLcnFzJuS5CMgDQvDfC\" target=\"_blank\" rel=\"noopener\">1055 Budapest, Falk Miksa u. 9-11<\/a><\/p>\n<p>Levelez\u00e9si c\u00edm \/ Mailing address : 1363 Budapest, Pf.: 9.<\/p>\n<p>Telefon: +36 -1-391-1400<\/p>\n<p>Fax: +36-1-391-1410<\/p>\n<p>Angol nyelv\u0171 e-mail c\u00edm:\u00a0<a href=\"mailto:privacy@naih.hu\">privacy@naih.hu<\/a><\/p>\n<p>Magyar nyelv\u0171 e-mail c\u00edm:\u00a0<a href=\"mailto:ugyfelszolgalat@naih.hu\">ugyfelszolgalat@naih.hu<\/a><\/p>\n<p>Web:\u00a0<a href=\"http:\/\/naih.hu\/\" data-saferedirecturl=\"https:\/\/www.google.com\/url?q=http:\/\/naih.hu&amp;source=gmail&amp;ust=1646378952880000&amp;usg=AOvVaw2oZgqHWcES9neDFRBmM8qu\" target=\"_blank\" rel=\"noopener\">http:\/\/naih.hu<\/a><\/p>\n<p>\u00a0<\/p>\n<p><strong>1.11 Hat\u00e9kony b\u00edr\u00f3s\u00e1gi jogorvoslathoz val\u00f3 jog valamely adatkezel\u0151vel vagy adatfeldolgoz\u00f3val<\/strong><\/p>\n<p>szemben<\/p>\n<p>Ha az \u00d6n meg\u00edt\u00e9l\u00e9se szerint a szem\u00e9lyes adatainak a GDPR-nek nem megfelel\u0151 kezel\u00e9se<\/p>\n<p>k\u00f6vetkezt\u00e9ben megs\u00e9rtett\u00fck a GDPR szerinti jogait, hat\u00e9kony b\u00edr\u00f3s\u00e1gi jogorvoslatra jogosult.<\/p>\n<p>Az adatkezel\u0151vel vagy az adatfeldolgoz\u00f3val szembeni elj\u00e1r\u00e1st az adatkezel\u0151 vagy az adatfeldolgoz\u00f3<\/p>\n<p>tev\u00e9kenys\u00e9gi helye szerinti EU tag\u00e1llam b\u00edr\u00f3s\u00e1ga el\u0151tt kell megind\u00edtani. Az ilyen elj\u00e1r\u00e1s<\/p>\n<p>megind\u00edthat\u00f3 az \u00d6n szok\u00e1sos tart\u00f3zkod\u00e1si helye szerinti EU tag\u00e1llam b\u00edr\u00f3s\u00e1ga el\u0151tt is. !<\/p>\n<p>Magyarorsz\u00e1gon a per elb\u00edr\u00e1l\u00e1sa a t\u00f6rv\u00e9nysz\u00e9k hat\u00e1sk\u00f6r\u00e9be tartozik. A per \u2013 az \u00e9rintett v\u00e1laszt\u00e1sa<\/p>\n<p>szerint \u2013 az \u00e9rintett lak\u00f3helye vagy tart\u00f3zkod\u00e1si helye szerinti t\u00f6rv\u00e9nysz\u00e9k el\u0151tt is megind\u00edthat\u00f3. A<\/p>\n<p>perben f\u00e9l lehet az is, akinek egy\u00e9bk\u00e9nt nincs perbeli jogk\u00e9pess\u00e9ge. A perbe a Hat\u00f3s\u00e1g az \u00e9rintett<\/p>\n<p>pernyertess\u00e9ge \u00e9rdek\u00e9ben beavatkozhat. !<\/p>\n<p>A b\u00edr\u00f3s\u00e1gi elj\u00e1r\u00e1sra a GDPR-ban foglaltakon t\u00fal a Polg\u00e1ri T\u00f6rv\u00e9nyk\u00f6nyvr\u0151l sz\u00f3l\u00f3 2013. \u00e9vi V.<\/p>\n<p>t\u00f6rv\u00e9ny M\u00e1sodik K\u00f6nyv, harmadik r\u00e9sz, XII. C\u00edm\u00e9ben (2:51. \u00a7 \u2013 2:54. \u00a7) foglaltak, valamint az<\/p>\n<p>egy\u00e9b a b\u00edr\u00f3s\u00e1gi elj\u00e1r\u00e1sra vonatkoz\u00f3 jogszab\u00e1lyi el\u0151\u00edr\u00e1sok ir\u00e1nyad\u00f3ak.<\/p>\n<p><strong>1.12 Forduljon a Plat\u00e1n K\u00e1v\u00e9h\u00e1z Kft.-hez a GDPR-rel kapcsolatban<\/strong><\/p>\n<p>A fent ismertetett jogok gyakorl\u00e1sa \u00e9rdek\u00e9ben vagy k\u00f6zvetlen\u00fcl a Plat\u00e1n K\u00e1v\u00e9h\u00e1z Kft.-hez int\u00e9zett panasz eset\u00e9ben, vagy a GDPR-rel, vagy az adatv\u00e9delemmel kapcsolatos \u00e1ltal\u00e1nos megkeres\u00e9s eset\u00e9ben a kapcsolattart\u00e1shoz sz\u00fcks\u00e9ges email c\u00edm \u00e9s levelez\u00e9si c\u00edm a k\u00f6vetkez\u0151: !<\/p>\n<p>E-mail:\u00a0<a href=\"mailto:info@platanrestaurant.hu\">info@platanrestaurant.hu<\/a><\/p>\n<p>Levelez\u00e9si c\u00edm: Plat\u00e1n K\u00e1v\u00e9h\u00e1z Kft. 2890 Tata, Kast\u00e9ly T\u00e9r 6.<\/p>\n<p>\u00a0<\/p>\n<p><strong>2) Adatkezel\u00e9sek<\/strong><\/p>\n<p><strong>2.1 Szobafoglal\u00e1s<\/strong><\/p>\n<p>Online, szem\u00e9lyesen a sz\u00e1llod\u00e1ban vagy telefonon leadott szobafoglal\u00e1s eset\u00e9n az al\u00e1bbi szem\u00e9lyes<\/p>\n<p>adatok valamelyik\u00e9t vagy ak\u00e1r mindegyik\u00e9t k\u00e9rhetj\u00fck:<\/p>\n<p>Teljes n\u00e9v<\/p>\n<p>Megsz\u00f3l\u00edt\u00e1s<\/p>\n<p>\u00c9rkez\u00e9s napja<\/p>\n<p>T\u00e1voz\u00e1s napja<\/p>\n<p>Egy szob\u00e1ban tart\u00f3zkod\u00f3 feln\u0151ttek sz\u00e1ma<\/p>\n<p>Szoba t\u00edpusa<\/p>\n<p>Az ig\u00e9nybe venni k\u00edv\u00e1nt szolg\u00e1ltat\u00e1si csomag<\/p>\n<p>Email c\u00edm<\/p>\n<p>Teljes levelez\u00e9si c\u00edm<\/p>\n<p>\u00c9rkez\u00e9si id\u0151<\/p>\n<p>Megjegyz\u00e9sek \u2013 itt adhatja meg esetleges preferenci\u00e1it !<\/p>\n<p>Az adatkezel\u00e9si c\u00e9l:<\/p>\n<p>Az adatgy\u0171jt\u00e9s\u00fcnk c\u00e9lja, hogy be tudjuk azonos\u00edtani a foglal\u00e1st lead\u00f3 vend\u00e9get, a szob\u00e1t bejelentkez\u00e9skor a megfelel\u0151 szem\u00e9lynek adjuk \u00e1t, \u00e9s nyilv\u00e1n tartsuk a fizet\u00e9si eszk\u00f6zt, amivel elker\u00fclhetj\u00fck az azzal j\u00e1r\u00f3 anyagi kock\u00e1zatot, ha a vend\u00e9g v\u00e9g\u00fcl nem jelentkezik be a sz\u00e1llod\u00e1ba.<\/p>\n<p>Az \u00d6n email-c\u00edm\u00e9t abban a kiv\u00e9teles esetben haszn\u00e1ljuk, ha \u00e9rtes\u00edten\u00fcnk kell \u00d6nt a foglal\u00e1s\u00e1t \u00e9rint\u0151 v\u00e1ltoz\u00e1sr\u00f3l, vagy h\u00e1rom nappal az elutaz\u00e1s ut\u00e1n, hogy ossza meg vel\u00fcnk a tart\u00f3zkod\u00e1s\u00e1val kapcsolatos \u00e9szrev\u00e9teleit annak \u00e9rdek\u00e9ben, hogy az \u00d6n \u00e9s m\u00e1s vend\u00e9gek k\u00e9s\u0151bbi l\u00e1togat\u00e1sai sor\u00e1n m\u00e9g jobb szolg\u00e1ltat\u00e1st ny\u00fajthassunk.<\/p>\n<p>Az adatkezel\u00e9s jogalapja:<\/p>\n<p>Az adatkezel\u00e9s jogszer\u0171s\u00e9g\u00e9nek alapja, hogy ezekre az adatokra egy, szobafoglal\u00e1sra ir\u00e1nyul\u00f3 szerz\u0151d\u00e9s teljes\u00edt\u00e9s\u00e9hez van sz\u00fcks\u00e9g\u00fcnk. Az \u00d6n email-c\u00edm\u00e9t annak \u00e9rdek\u00e9ben kezelj\u00fck, hogy a tart\u00f3zkod\u00e1sa ut\u00e1n emailt k\u00fcldhess\u00fcnk \u00d6nnek, mivel \u201caz adatkezel\u00e9s az adatkezel\u0151 jogos \u00e9rdekeinek \u00e9rv\u00e9nyes\u00edt\u00e9s\u00e9hez sz\u00fcks\u00e9ges, kiv\u00e9ve, ha ezen \u00e9rdekekkel szemben els\u0151bbs\u00e9get \u00e9lveznek az \u00e9rintett \u00e9rdekei vagy alapvet\u0151 jogai \u00e9s szabads\u00e1gai\u201d. Jogos \u00e9rdekeink k\u00f6z\u00e9 tartozik ebben az esetben a kiv\u00e1l\u00f3 min\u0151s\u00e9g\u0171 szolg\u00e1ltat\u00e1s ny\u00fajt\u00e1sa, \u00e9s \u00fagy v\u00e9lj\u00fck, hogy a tart\u00f3zkod\u00e1sa ut\u00e1n k\u00fcld\u00f6tt email nem s\u00e9rti az \u00d6n alapvet\u0151 jogait.<\/p>\n<p>Ha \u00d6n nem adja meg a k\u00e9rt adatokat, nem tudunk \u00d6nnek szob\u00e1t foglalni, vagy probl\u00e9ma eset\u00e9n kapcsolatba l\u00e9pni \u00d6nnel.<\/p>\n<p>Az adatkezel\u00e9si id\u0151:<\/p>\n<p>A szem\u00e9lyes adatok meg\u0151rz\u00e9s\u00e9t az egyes adatmez\u0151k szintj\u00e9n, nem pedig az adott vend\u00e9gre vonatkoz\u00f3 \u00f6sszes adat szintj\u00e9n v\u00e9gezz\u00fck. El\u0151fordulhat p\u00e9ld\u00e1ul, hogy az \u00d6n nev\u00e9t \u00e9s a bejelentkez\u00e9s napj\u00e1t hosszabb ideig \u0151rizz\u00fck meg, mint az email c\u00edm\u00e9t. A szolg\u00e1ltat\u00e1sok ny\u00fajt\u00e1sa \u00e9rdek\u00e9ben kezelt adatokat az adatok f\u00fcggv\u00e9ny\u00e9ben 2-8 \u00e9vig \u0151rizz\u00fck.<\/p>\n<p>Egyes esetekben jogszab\u00e1lyi k\u00f6teless\u00e9g\u00fcnk hosszabb ideig meg\u0151rizni a szem\u00e9lyes adatokat. A f\u0151bb kateg\u00f3ri\u00e1k a k\u00f6vetkez\u0151k:<\/p>\n<p>Amennyiben az adatokra sz\u00e1mla ki\u00e1ll\u00edt\u00e1s\u00e1hoz vagy egy\u00e9b ad\u00f3\u00fcgyi nyilv\u00e1ntart\u00e1shoz van sz\u00fcks\u00e9g, jogszab\u00e1lyi k\u00f6teless\u00e9g\u00fcnk az adatokat a napt\u00e1ri \u00e9v v\u00e9g\u00e9t\u0151l sz\u00e1m\u00edtott 8 \u00e9vig<\/p>\n<p>meg\u0151rizni. Ez\u00e9rt ha \u00d6nnek a sz\u00e1ml\u00e1t 2018. j\u00fanius 30-i kijelentkez\u00e9sekor \u00e1ll\u00edtjuk ki, az adatokat 2026. december 31-ig kell meg\u0151rizn\u00fcnk.<\/p>\n<p>A sz\u00e1llod\u00e1nak jogszab\u00e1lyi k\u00f6teless\u00e9ge bejelenteni a telep\u00fcl\u00e9si \u00f6nkorm\u00e1nyzathoz az \u00f6sszes bejelentkez\u0151 vend\u00e9get, \u00e9s a rend\u0151rs\u00e9gnek is jelentenie kell az EU-n k\u00edv\u00fclr\u0151l \u00e9rkez\u0151 \u00f6sszes vend\u00e9get. Jogszab\u00e1lyi k\u00f6teless\u00e9g\u00fcnk, hogy a bejelentkez\u00e9s napj\u00e1t\u00f3l sz\u00e1m\u00edtott 6 \u00e9ven \u00e1t<\/p>\n<p>meg\u0151rizz\u00fck az ezekben a jelent\u00e9sekben foglalt adatokat. !<\/p>\n<p>Az eml\u00edtett relev\u00e1ns adatmeg\u0151rz\u00e9si id\u0151tartamok k\u00f6z\u00fcl a leghosszabb id\u0151tartam letelt\u00e9vel t\u00f6r\u00f6lj\u00fck az adatokat.<\/p>\n<p>Amennyiben az 1. pontban foglalt b\u00e1rmely jog\u00e1t a fentiek sor\u00e1n felvett adatokkal kapcsolatban k\u00edv\u00e1nja gyakorolni, vagy egy\u00e9b okb\u00f3l k\u00edv\u00e1n kapcsolatba l\u00e9pni vel\u00fcnk a fentiek kapcs\u00e1n, k\u00e9rj\u00fck, jelezze fel\u00e9nk az\u00a0<a href=\"mailto:info@platanrestaurant.hu\">info@platanrestaurant.hu<\/a>\u00a0c\u00edmre k\u00fcld\u00f6tt e-mail \u00fatj\u00e1n.<\/p>\n<p>\u00a0<\/p>\n<p><strong>2.2 Bejelent\u0151 lap<\/strong><\/p>\n<p>Az adatok k\u00f6re \u00e9s az adatkezel\u00e9s jogalapja:<\/p>\n<p>K\u00f6telez\u0151en megadand\u00f3 szem\u00e9lyes adatok (Ezen adatok Vend\u00e9g \u00e1ltali megad\u00e1sa a sz\u00e1llodai szolg\u00e1ltat\u00e1s ig\u00e9nybev\u00e9tel\u00e9nek felt\u00e9tele):<\/p>\n<p>A k\u00f6vetkez\u0151 adatok kezel\u00e9se jogszab\u00e1lyi k\u00f6telezetts\u00e9g pl .: keresztn\u00e9v, vezet\u00e9kn\u00e9v, anyja neve, sz\u00e1ml\u00e1z\u00e1si adatok;<\/p>\n<p>Az ig\u00e9nyelt szolg\u00e1ltat\u00e1s (sz\u00e1ll\u00e1s, wellnes, stb\u2026) teljes\u00edt\u00e9se \u00e9rdek\u00e9ben (szerz\u0151d\u00e9s alapj\u00e1n) kezelj\u00fck m\u00e9g pl.: el\u00e9rhet\u0151s\u00e9gek, t\u00f6rzsvend\u00e9gprogram sz\u00e1m, fizet\u00e9s m\u00f3dja, bankk\u00e1rtya adatok, szobasz\u00e1m, vend\u00e9gek sz\u00e1ma<\/p>\n<p>A Plat\u00e1n K\u00e1v\u00e9h\u00e1z Kft. a szolg\u00e1ltat\u00e1sok fejleszt\u00e9s\u00e9hez f\u0171z\u0151d\u0151 jogos \u00e9rdeke alapj\u00e1n kezelj\u00fck t\u00e1voz\u00e1s\u00e1t k\u00f6vet\u0151 3 napig a nev\u00e9t \u00e9s e-mail c\u00edm\u00e9t annak \u00e9rdek\u00e9ben, hogy megk\u00e9rdezz\u00fck v\u00e9lem\u00e9ny\u00e9t a szolg\u00e1ltat\u00e1sainkr\u00f3l \u00e9s ez \u00e1ltal fejlessz\u00fck azokat. !<\/p>\n<p>Az adatkezel\u00e9s c\u00e9lja:<\/p>\n<p>Sz\u00e1llodai szolg\u00e1ltat\u00e1sok ny\u00fajt\u00e1sa, ide\u00e9rtve a kapcsolattart\u00e1st \u00e9s a szolg\u00e1ltat\u00e1s fejleszt\u00e9s\u00e9t is. !<\/p>\n<p>Az adatkezel\u00e9si id\u0151:<\/p>\n<p>A szem\u00e9lyes adatok meg\u0151rz\u00e9s\u00e9t az egyes adatmez\u0151k szintj\u00e9n, nem pedig az adott vend\u00e9gre vonatkoz\u00f3 \u00f6sszes adat szintj\u00e9n v\u00e9gezz\u00fck. P\u00e9ld\u00e1ul el\u0151fordulhat, hogy az \u00d6n nev\u00e9t \u00e9s a bejelentkez\u00e9s napj\u00e1t hosszabb ideig \u0151rizz\u00fck meg, mint az email c\u00edm\u00e9t. A szolg\u00e1ltat\u00e1sok ny\u00fajt\u00e1sa \u00e9rdek\u00e9ben kezelt adatokat az adatok f\u00fcggv\u00e9ny\u00e9ben 2-8 \u00e9vig \u0151rizz\u00fck.<\/p>\n<p>Egyes esetekben jogszab\u00e1lyi k\u00f6teless\u00e9g\u00fcnk hosszabb ideig meg\u0151rizni a szem\u00e9lyes adatokat. A f\u0151bb kateg\u00f3ri\u00e1k a k\u00f6vetkez\u0151k:<\/p>\n<p>Amennyiben az adatokra sz\u00e1mla ki\u00e1ll\u00edt\u00e1s\u00e1hoz vagy egy\u00e9b ad\u00f3\u00fcgyi nyilv\u00e1ntart\u00e1shoz van sz\u00fcks\u00e9g, jogszab\u00e1lyi k\u00f6teless\u00e9g\u00fcnk az adatokat a napt\u00e1ri \u00e9v v\u00e9g\u00e9t\u0151l sz\u00e1m\u00edtott 8 \u00e9vig meg\u0151rizni. Ez\u00e9rt ha \u00d6nnek a sz\u00e1ml\u00e1t 2018. j\u00fanius 30-i kijelentkez\u00e9sekor \u00e1ll\u00edtjuk ki, az adatokat 2026. december 31-ig kell meg\u0151rizn\u00fcnk.<\/p>\n<p>A sz\u00e1llod\u00e1nak jogszab\u00e1lyi k\u00f6teless\u00e9ge bejelenteni a telep\u00fcl\u00e9si \u00f6nkorm\u00e1nyzathoz az \u00f6sszes bejelentkez\u0151 vend\u00e9get, \u00e9s a rend\u0151rs\u00e9gnek is jelentenie kell az EU-n k\u00edv\u00fclr\u0151l \u00e9rkez\u0151 \u00f6sszes vend\u00e9get. Jogszab\u00e1lyi k\u00f6teless\u00e9g\u00fcnk, hogy a bejelentkez\u00e9s napj\u00e1t\u00f3l sz\u00e1m\u00edtott 6 \u00e9ven \u00e1t meg\u0151rizz\u00fck az ezekben a jelent\u00e9sekben foglalt adatokat.<\/p>\n<p>Amennyiben az 1. pontban foglalt b\u00e1rmely jog\u00e1t a fentiek sor\u00e1n felvett adatokkal kapcsolatban k\u00edv\u00e1nja gyakorolni, vagy egy\u00e9b okb\u00f3l k\u00edv\u00e1n kapcsolatba l\u00e9pni vel\u00fcnk a fentiek kapcs\u00e1n, k\u00e9rj\u00fck, jelezze fel\u00e9nk az\u00a0<a href=\"mailto:info@platanrestaurant.hu\">info@platanrestaurant.hu<\/a>\u00a0c\u00edmre k\u00fcld\u00f6tt e-mail \u00fatj\u00e1n. !!<\/p>\n<p>\u00a0<\/p>\n<p><strong>2.3 Vend\u00e9g k\u00e9rd\u0151\u00edv \u00e9s \u00e9rt\u00e9kel\u0151 rendszer<\/strong><\/p>\n<p>A Plat\u00e1n K\u00e1v\u00e9h\u00e1z Kft. a vend\u00e9gh\u00e1z szolg\u00e1ltat\u00e1sair\u00f3l a t\u00e1rsas\u00e1gn\u00e1l alkalmazott min\u0151s\u00e9gbiztos\u00edt\u00e1si folyamat r\u00e9szek\u00e9nt, e-mail \u00e9s pap\u00edr alap\u00fa vend\u00e9g k\u00e9rd\u0151\u00edv \u00fatj\u00e1n, illetve az \u00e9rt\u00e9kel\u0151 rendszer seg\u00edts\u00e9g\u00e9vel adhatj\u00e1k meg a Vend\u00e9gek a v\u00e9lem\u00e9ny\u00fcket. A k\u00e9rd\u0151\u00edv kit\u00f6lt\u00e9sekor \u00d6n megadhatja az al\u00e1bbi szem\u00e9lyes adatait:<\/p>\n<p>N\u00e9v<\/p>\n<p>L\u00e1togat\u00e1s d\u00e1tuma<\/p>\n<p>\u00a0<\/p>\n<p>Szobasz\u00e1m<\/p>\n<p>El\u00e9rhet\u0151s\u00e9g (c\u00edm, e-mail c\u00edm, telefonsz\u00e1m, lakc\u00edm)<\/p>\n<p>Az adatok megad\u00e1sa nem k\u00f6telez\u0151, azok csup\u00e1n az esetleges panaszok pontos kivizsg\u00e1l\u00e1s\u00e1t, illetve a v\u00e1laszad\u00e1s biztos\u00edt\u00e1s\u00e1t szolg\u00e1lja. !<\/p>\n<p>Az \u00edgy kapott v\u00e9lem\u00e9nyeket, \u00e9s az ahhoz kapcsol\u00f3d\u00f3 esetlegesen megadott, az adott Vend\u00e9gre nem visszavezethet\u0151, a Vend\u00e9g nev\u00e9vel nem \u00f6sszekapcsolhat\u00f3 adatokat a Plat\u00e1n K\u00e1v\u00e9h\u00e1z Kft. statisztikai c\u00e9lokb\u00f3l is felhaszn\u00e1lhatja. !<\/p>\n<p>Amennyiben v\u00e9lem\u00e9ny\u00e9t anonim m\u00f3don k\u00f6zli vel\u00fcnk, szem\u00e9lyes adatot nem kezel\u00fcnk. Ha k\u00e9r visszajelz\u00e9st t\u0151l\u00fcnk, \u00fagy munkat\u00e1rsunk legk\u00e9s\u0151bb 30 napon bel\u00fcl a megadott el\u00e9rhet\u0151s\u00e9gek egyik\u00e9n (e-mail, c\u00edm, telefonsz\u00e1m) felkeresi \u00d6nt. !<\/p>\n<p>Az adatkezel\u00e9s c\u00e9lja:<\/p>\n<p>Kapcsolattart\u00e1s a v\u00e9lem\u00e9nyez\u0151vel \u00e9s panaszkezel\u00e9s. !<\/p>\n<p>Az adatkezel\u00e9s jogalapja:<\/p>\n<p>Az \u00d6n v\u00e9lelmezett \u00f6nk\u00e9ntes hozz\u00e1j\u00e1rul\u00e1sa. T\u00e1j\u00e9koztatjuk, hogy amennyiben nem j\u00e1rul hozz\u00e1 az adatok kezel\u00e9s\u00e9hez, vagy visszavonja hozz\u00e1j\u00e1rul\u00e1s\u00e1t, \u00fagy nem tudjuk k\u00e9rd\u00e9s\u00e9t megv\u00e1laszolni. A<\/p>\n<p>hozz\u00e1j\u00e1rul\u00e1s visszavon\u00e1sa nem \u00e9rinti az azt megel\u0151z\u0151 jogszer\u0171 adatkezel\u00e9st. !<\/p>\n<p>Az adatkezel\u00e9si id\u0151:<\/p>\n<p>Az \u00fczeneteket \u00e9s az \u00edgy megkapott szem\u00e9lyes adatokat a k\u00e9r\u00e9s, k\u00e9rd\u00e9s, vagy panasz megv\u00e1laszol\u00e1sa<\/p>\n<p>ut\u00e1n az adott \u00e9vet k\u00f6vet\u0151 egy \u00e9v eltelt\u00e9vel t\u00f6r\u00f6lj\u00fck. Az \u00e9rt\u00e9kel\u0151 rendszer haszn\u00e1lat\u00e1hoz megadott email c\u00edmet \u00e9s felhaszn\u00e1l\u00f3nevet az \u00d6n ilyen ir\u00e1ny\u00fa k\u00e9r\u00e9se eset\u00e9n t\u00f6r\u00f6lj\u00fck. !<\/p>\n<p>Amennyiben az 1. pontban foglalt b\u00e1rmely jog\u00e1t az \u00edgy megadott adatokkal kapcsolatban k\u00edv\u00e1nja gyakorolni, vagy egy\u00e9b okb\u00f3l k\u00edv\u00e1n kapcsolatba l\u00e9pni vel\u00fcnk a fenti adatkezel\u00e9s kapcs\u00e1n, k\u00e9rj\u00fck, jelezze fel\u00e9nk az\u00a0<a href=\"mailto:info@platanrestaurant.hu\" target=\"_blank\" rel=\"noopener\">info@platanrestaurant.hu<\/a>\u00a0e-mail c\u00edmre k\u00fcld\u00f6tt e-mail vagy a postai c\u00edm\u00fcnkre (2890 Tata, Kast\u00e9ly t\u00e9r 6.) k\u00fcld\u00f6tt lev\u00e9l \u00fatj\u00e1n!&#8221;<\/p>\n<p>\u00a0<\/p>\n<p><strong>2.4 Kamerarendszer<\/strong><\/p>\n<p>A Plat\u00e1n K\u00e1v\u00e9h\u00e1z Kft. \u00e1ltal \u00fczemeltetett Plat\u00e1n Tata egys\u00e9gei eg\u00e9sz ter\u00fclet\u00e9n kamer\u00e1k \u00fczemelnek \u2013 melyek k\u00e9pi r\u00f6gz\u00edt\u00e9st \u00e9s t\u00e1rol\u00e1st v\u00e9geznek \u2013 a Vend\u00e9gek<\/p>\n<p>szem\u00e9lyi \u00e9s vagyoni biztons\u00e1ga \u00e9rdek\u00e9ben. A kamer\u00e1s megfigyel\u00e9st az arra utal\u00f3 piktogram \u00e9s figyelmeztet\u0151 sz\u00f6veg jelzi a sz\u00e1lloda bej\u00e1rat\u00e1n\u00e1l.<\/p>\n<p>Az adatkezel\u00e9s c\u00e9lja:<\/p>\n<p>A kamer\u00e1s megfigyel\u00e9s c\u00e9lja a vagyonv\u00e9delem, azaz a jelent\u0151s \u00e9rt\u00e9keket k\u00e9pvisel\u0151 eszk\u00f6z\u00f6k, illetve<\/p>\n<p>a Vend\u00e9gek szem\u00e9lyes \u00e9rt\u00e9keinek v\u00e9delme, tekintettel arra, hogy a jogs\u00e9rt\u00e9sek \u00e9szlel\u00e9se, az<\/p>\n<p>elk\u00f6vet\u0151 tetten\u00e9r\u00e9se, e jogs\u00e9rt\u0151 cselekm\u00e9nyek megel\u0151z\u00e9se m\u00e1sk\u00e9pp nem lehets\u00e9ges, illetve azok<\/p>\n<p>bizony\u00edt\u00e1sa m\u00e1s m\u00f3dszerrel nem \u00e9rhet\u0151 el. !<\/p>\n<p>Az adatkezel\u00e9s jogalapja:<\/p>\n<p>Ezen adatkezel\u00e9s\u00fcnk jogalapja az \u00d6n \u00f6nk\u00e9ntes hozz\u00e1j\u00e1rul\u00e1sa. Amennyiben \u00d6n a Plat\u00e1n Tata egys\u00e9gei<\/p>\n<p>megfigyelt ter\u00fclet\u00e9re a bej\u00e1ratn\u00e1l elhelyezett figyelmeztet\u00e9s ellen\u00e9re bemegy, ezzel hozz\u00e1j\u00e1rul\u00e1sa<\/p>\n<p>megadottnak tekintend\u0151 a k\u00e9pfelv\u00e9tel k\u00e9sz\u00edt\u00e9shez. K\u00e9rj\u00fck, ne menjen be, ha ehhez nem k\u00edv\u00e1n<\/p>\n<p>hozz\u00e1j\u00e1rulni.<\/p>\n<p>A kamerarendszerrel kapcsolatos adatkezel\u00e9sr\u0151l b\u0151vebb t\u00e1j\u00e9koztat\u00e1st a Plat\u00e1n K\u00e1v\u00e9h\u00e1z Kft.<\/p>\n<p>adatkezel\u00e9s\u00e9rt felel\u0151s munkat\u00e1rs\u00e1t\u00f3l kaphat.<\/p>\n<p>\u00a0<\/p>\n<p>A kamerarendszer adatkezel\u00e9si t\u00e1j\u00e9koztat\u00f3j\u00e1t k\u00e9r\u00e9s\u00e9re tov\u00e1bb\u00edtjuk az \u00d6n r\u00e9sz\u00e9re. Ilyen ig\u00e9ny\u00e9t<\/p>\n<p>k\u00e9rj\u00fck, jelezze az\u00a0<a href=\"mailto:info@platanrestaurant.hu\">info@platanrestaurant.hu<\/a>\u00a0c\u00edmre k\u00fcld\u00f6tt e-mail, vagy a postai c\u00edm\u00e9re k\u00fcld\u00f6tt lev\u00e9l<\/p>\n<p>\u00fatj\u00e1n. !<\/p>\n<p>\u00a0<\/p>\n<p><strong>2.5 H\u00edrlev\u00e9l<\/strong><\/p>\n<p>H\u00edrlev\u00e9l k\u00fcld\u00e9se \u00e9rdek\u00e9ben az \u00d6n nev\u00e9t, e-mail, valamint esetenk\u00e9nt lakc\u00edm\u00e9t kezelj\u00fck. A h\u00edrlev\u00e9l<\/p>\n<p>k\u00fcld\u00e9se kapcs\u00e1n lehet\u0151s\u00e9ge van be\u00e1ll\u00edtani, hogy milyen t\u00e9m\u00e1ban, illetve milyen r\u00e9gi\u00f3ra<\/p>\n<p>vonatkoz\u00f3an k\u00e9r h\u00edrlevelet. !<\/p>\n<p>Az adatkezel\u00e9s c\u00e9lja:<\/p>\n<p>Az \u00d6n t\u00e1j\u00e9koztat\u00e1sa az aktu\u00e1lis akci\u00f3kr\u00f3l \u00e9s \u00fajdons\u00e1gokr\u00f3l. !<\/p>\n<p>Az adatkezel\u00e9s jogalapja:<\/p>\n<p>Az \u00d6n \u00f6nk\u00e9ntes hozz\u00e1j\u00e1rul\u00e1sa. T\u00e1j\u00e9koztatjuk, hogy amennyiben nem j\u00e1rul hozz\u00e1 az adatok<\/p>\n<p>kezel\u00e9s\u00e9hez, \u00fagy nem tudunk h\u00edrlevelet k\u00fcldeni az \u00d6n r\u00e9sz\u00e9re. !<\/p>\n<p>Az adatkezel\u00e9si id\u0151:<\/p>\n<p>H\u00edrlevel\u00fcnket kiz\u00e1r\u00f3lag addig k\u00fcldj\u00fck az \u00d6n r\u00e9sz\u00e9re, ameddig azt \u00d6n k\u00e9ri. Amennyiben \u00d6n nem<\/p>\n<p>szeretne t\u00f6bb h\u00edrlevelet kapni, arr\u00f3l b\u00e1rmikor leiratkozhat a h\u00edrlev\u00e9l alj\u00e1n tal\u00e1lhat\u00f3 link seg\u00edts\u00e9g\u00e9vel,<\/p>\n<p>vagy a info@platanrestaurant.hu-ra k\u00fcld\u00f6tt e-mail \u00fatj\u00e1n. A hozz\u00e1j\u00e1rul\u00e1s ilyen visszavon\u00e1sa nem<\/p>\n<p>\u00e9rinti az azt megel\u0151z\u0151 jogszer\u0171 adatkezel\u00e9st. !<\/p>\n<p>Amennyiben az 1. pontban foglalt b\u00e1rmely jog\u00e1t az \u00edgy megadott adatokkal kapcsolatban k\u00edv\u00e1nja<\/p>\n<p>gyakorolni, vagy egy\u00e9b okb\u00f3l k\u00edv\u00e1n kapcsolatba l\u00e9pni vel\u00fcnk a fenti adatkezel\u00e9s kapcs\u00e1n, k\u00e9rj\u00fck,<\/p>\n<p>jelezze fel\u00e9nk az\u00a0<a href=\"mailto:info@platanrestaurant.hu\">info@platanrestaurant.hu<\/a>\u00a0c\u00edmre k\u00fcld\u00f6tt e-mail \u00fatj\u00e1n.<\/p>\n<p>\u00a0<\/p>\n<p><b>2.6 &#8211; \u00c9ttermi asztalfoglal\u00e1s<\/b><\/p>\n<p>Online vagy telefonon leadott asztalfoglal\u00e1s soron az al\u00e1bbi szem\u00e9lyes adatokat kezelhetj\u00fck:<\/p>\n<p>Teljes n\u00e9v<\/p>\n<p>Telefonsz\u00e1m<\/p>\n<p>E-mail c\u00edm<\/p>\n<p>Vend\u00e9gek sz\u00e1ma<\/p>\n<p>Lefoglalt id\u0151pont<\/p>\n<p>Az adatkezel\u00e9s c\u00e9lja:\u00a0<\/p>\n<p>Az \u00e9rintett k\u00e9r\u00e9s\u00e9re asztal biztos\u00edt\u00e1sa az \u00e9tteremben. Az adatgy\u0171jt\u00e9s\u00fcnk \u00e9s kezel\u00e9s\u00fcnk c\u00e9lja, hogy be tudjuk azonos\u00edtani a foglal\u00e1st lead\u00f3 vend\u00e9get, az asztalt \u00e9rkez\u00e9skor a megfelel\u0151 szem\u00e9lynek vagy szem\u00e9lyeknek biztos\u00edtsuk, k\u00e9sedelem eset\u00e9n kapcsolatfelv\u00e9tel az \u00e9rintettel, el\u0151re nem l\u00e1that\u00f3, a szolg\u00e1ltat\u00e1s teljes\u00edt\u00e9s\u00e9t akad\u00e1lyoz\u00f3 esem\u00e9ny eset\u00e9n kapcsolatfelv\u00e9tel az \u00e9rintettel.<\/p>\n<p>Az adatkezel\u00e9s platformja:<\/p>\n<p>Elektronikus online fel\u00fcleten, a Reservours weboldal \u00fatj\u00e1n ker\u00fclnek r\u00f6gz\u00edt\u00e9sre.<\/p>\n<p>Az adatkezel\u00e9s jogalapja:<\/p>\n<p>Az adatkezel\u00e9s jogszer\u0171s\u00e9g\u00e9nek alapja, hogy ezekre az adatokra egy, asztalfoglal\u00e1sra \u00e9s \u00e9ttermi fogyaszt\u00e1srair\u00e1nyul\u00f3 szerz\u0151d\u00e9s teljes\u00edt\u00e9s\u00e9hez van sz\u00fcks\u00e9g\u00fcnk.<\/p>\n<p>Az \u00e9ttermi asztalfoglal\u00e1s sor\u00e1n adatfeldolgoz\u00f3:<\/p>\n<p>Code Kitchen Kft. (sz\u00e9khely: 4400 Ny\u00edregyh\u00e1za, Leffler S\u00e1muel utca 65., c\u00e9gjegyz\u00e9ksz\u00e1m: 15 09 091192, ad\u00f3sz\u00e1m: 32247783-2-15), amely entit\u00e1s megismerheti a r\u00f6gz\u00edtett szem\u00e9lyes adatokat, de kiz\u00e1r\u00f3lag egy esetleges hibaelh\u00e1r\u00edt\u00e1s idej\u00e9re \u00e9s annak sz\u00fcks\u00e9ges m\u00e9rt\u00e9k\u00e9ig. A Reservours\u00a0adatkezel\u00e9si\u00a0t\u00e1j\u00e9ko<wbr \/>ztat\u00f3ja:\u00a0<a href=\"https:\/\/reservours.com\/privacy-policy\" target=\"_blank\" rel=\"noopener\" data-saferedirecturl=\"https:\/\/www.google.com\/url?q=https:\/\/reservours.com\/privacy-policy&amp;source=gmail&amp;ust=1756813195330000&amp;usg=AOvVaw2cz-KT86mxHILNKUuH1qYl\">https:\/\/reservours.<wbr \/>com\/privacy-policy<\/a><\/p>\n<p>Az\u00a0adatkezel\u00e9si\u00a0id\u0151:<\/p>\n<p>Az adatok r\u00f6gz\u00edt\u00e9s\u00e9t k\u00f6vet\u0151 1 \u00e9v.<\/p>\n<p><b>2.7. &#8211; H\u00edrlev\u00e9l k\u00fcld\u00e9se<\/b><\/p>\n<p>A h\u00edrlev\u00e9l kik\u00fcld\u00e9s \u00e9s h\u00edrlev\u00e9l adatb\u00e1zis \u00e9p\u00edt\u00e9s sor\u00e1n az al\u00e1bbi szem\u00e9lyes adatokat kezelhetj\u00fck:\u00a0<\/p>\n<p>Teljes n\u00e9v<\/p>\n<p>E-mail c\u00edm<\/p>\n<p>Az adatkezel\u00e9s c\u00e9lja:<\/p>\n<p>Az \u00e9rintettek (feliratkozottak) e-mail c\u00edmeire elektronikus h\u00edrlev\u00e9l (e-mail) k\u00fcld\u00e9se az aktu\u00e1lis prom\u00f3ci\u00f3kr\u00f3l, kedvezm\u00e9nyes aj\u00e1nlatokr\u00f3l, h\u00edrekr\u0151l \u00e9s egy\u00e9b rekl\u00e1m c\u00e9l\u00fa tartalmakr\u00f3l.<\/p>\n<p>Az adatkezel\u00e9s platformja:<\/p>\n<p>Elektronikus online fel\u00fcleten, r\u00e9szben a Reservours asztalfoglal\u00e1si rendszeren, r\u00e9szben a Mailchimp h\u00edrlev\u00e9lk\u00fcld\u0151 rendszeren kereszt\u00fcl.<\/p>\n<p>Az adatkezel\u00e9s jogalapja:<\/p>\n<p>\u00c9rintetti hozz\u00e1j\u00e1rul\u00e1s alapj\u00e1n.<\/p>\n<p>A h\u00edrlev\u00e9l kik\u00fcld\u00e9s sor\u00e1n asztalfeldolgoz\u00f3:<\/p>\n<p>Mailchimp, The Rocket Science Group LLC (675 Ponce de Leon Ave NE Suite 5000, Atlanta, GA 30308 USA) \u00e9s a Code Kitchen Kft. (sz\u00e9khely: 4400 Ny\u00edregyh\u00e1za, Leffler S\u00e1muel utca 65., c\u00e9gjegyz\u00e9ksz\u00e1m: 15 09 091192, ad\u00f3sz\u00e1m: 32247783-2-15).<\/p>\n<p>Az adatkezel\u00e9si id\u0151:<\/p>\n<p>Az \u00e9rintetti hozz\u00e1j\u00e1rul\u00e1s visszavon\u00e1s\u00e1ig.<i><\/i><\/p>\n<p><strong>2.8 Plat\u00e1n Aj\u00e1nd\u00e9kutalv\u00e1ny<\/strong><\/p>\n<p>Az aj\u00e1nd\u00e9kutalv\u00e1ny v\u00e1s\u00e1rl\u00e1sakor \u00d6n az al\u00e1bbi szem\u00e9lyes adatokat adja meg: Szem\u00e9lyes v\u00e1s\u00e1rl\u00e1s eset\u00e9n:<\/p>\n<p>N\u00e9v<\/p>\n<p>Sz\u00e1ml\u00e1z\u00e1si n\u00e9v \u00e9s c\u00edm<\/p>\n<p>Online megrendel\u00e9s eset\u00e9n a Plat\u00e1n K\u00e1v\u00e9h\u00e1z Kft. hivatalos weboldal\u00e1n kereszt\u00fcl:<\/p>\n<p>N\u00e9v<\/p>\n<p>E-mail c\u00edm<\/p>\n<p>Telefonsz\u00e1m<\/p>\n<p>Sz\u00e1ml\u00e1z\u00e1si n\u00e9v \u00e9s c\u00edm<\/p>\n<p>K\u00e9zbes\u00edt\u00e9si n\u00e9v \u00e9s c\u00edm !<\/p>\n<p>Az adatkezel\u00e9s c\u00e9lja:<\/p>\n<p>Kapcsolattart\u00e1s az Aj\u00e1nd\u00e9kutalv\u00e1ny k\u00e9zbes\u00edt\u00e9se \u00e9rdek\u00e9ben, sz\u00e1ml\u00e1z\u00e1s. !<\/p>\n<p>Az adatkezel\u00e9s jogalapja:<\/p>\n<p>Az Aj\u00e1nd\u00e9kutalv\u00e1ny ki\u00e1ll\u00edt\u00e1sa \u00e9rdek\u00e9ben k\u00f6t\u00f6tt szerz\u0151d\u00e9s teljes\u00edt\u00e9se. Az adatok megad\u00e1sa k\u00f6telez\u0151,<\/p>\n<p>a szolg\u00e1ltat\u00e1s ny\u00fajt\u00e1s\u00e1nak felt\u00e9tele. !<\/p>\n<p>Az adatkezel\u00e9si id\u0151:<\/p>\n<p>Az \u00edgy kapott szem\u00e9lyes adatokat a Plat\u00e1n K\u00e1v\u00e9h\u00e1z Kft. a mindenkori ad\u00f3jogi \u00e9s sz\u00e1mviteli<\/p>\n<p>el\u0151\u00edr\u00e1soknak megfelel\u0151 8 \u00e9vig t\u00e1rolja. !<\/p>\n<p>Amennyiben az 1. pontban foglalt b\u00e1rmely jog\u00e1t az \u00edgy megadott adatokkal kapcsolatban k\u00edv\u00e1nja<\/p>\n<p>gyakorolni, vagy egy\u00e9b okb\u00f3l k\u00edv\u00e1n kapcsolatba l\u00e9pni vel\u00fcnk a fenti adatkezel\u00e9s kapcs\u00e1n, k\u00e9rj\u00fck,<\/p>\n<p>jelezze fel\u00e9nk az\u00a0<a href=\"mailto:info@platanrestaurant.hu\">info@platanrestaurant.hu<\/a>\u00a0c\u00edmre k\u00fcld\u00f6tt e-mail \u00fatj\u00e1n. !!!<\/p>\n<p><strong>2.9 K\u00f6z\u00f6ss\u00e9gi port\u00e1lok (pl. Facebook, Instagram)<\/strong><\/p>\n<p>A Plat\u00e1n K\u00e1v\u00e9h\u00e1z Kft. \u00e1ltal \u00fczemeltetett egys\u00e9gek el\u00e9rhet\u0151ek a Facebook \u00e9s Instagram<\/p>\n<p>k\u00f6z\u00f6ss\u00e9gi port\u00e1lon. Az \u00fczen\u0151falon k\u00f6zz\u00e9tett h\u00edrfolyamra a Facebook felhaszn\u00e1l\u00f3 az adott oldalon<\/p>\n<p>tal\u00e1lhat\u00f3 \u201elike\u201d\/ \u201etetszik\u201d; \u201efollow\/k\u00f6vetem\u201d linkre kattintva iratkozhat fel, \u00e9s az ugyanitt tal\u00e1lhat\u00f3<\/p>\n<p>\u201edislike\u201d\/\u201dnem tetszik\u201d linkre kattintva iratkozhat le, illetve az \u00fczen\u0151fal be\u00e1ll\u00edt\u00e1sai seg\u00edts\u00e9g\u00e9vel<\/p>\n<p>t\u00f6r\u00f6lheti a nem k\u00edv\u00e1nt, \u00fczen\u0151falon megjelen\u0151 h\u00edreket. A T\u00e1rsas\u00e1g a \u201ek\u00f6vet\u0151k\u201d profilj\u00e1hoz hozz\u00e1f\u00e9r,<\/p>\n<p>de azt nem r\u00f6gz\u00edti, vagy kezeli saj\u00e1t bels\u0151 rendszer\u00e9ben.<\/p>\n<p>\u00a0<\/p>\n<p>!!!!<\/p>\n<p>Az adatkezel\u00e9s c\u00e9lja:<\/p>\n<p>A Plat\u00e1n K\u00e1v\u00e9h\u00e1z Kft. \u00e1ltal \u00fczemeltetett Vend\u00e9gh\u00e1z \u00e9s \u00c9tterem weboldal\u00e1n tal\u00e1lhat\u00f3 tartalmak<\/p>\n<p>megoszt\u00e1sa, egy\u00e9b h\u00edrek, akci\u00f3k k\u00f6zl\u00e9se, kapcsolattart\u00e1s. A Facebook oldalak seg\u00edts\u00e9g\u00e9vel \u00d6n<\/p>\n<p>szob\u00e1t foglalhat, r\u00e9szt vehet a nyerem\u00e9nyj\u00e1t\u00e9kokban \u00e9s t\u00e1j\u00e9koz\u00f3dhat a leg\u00fajabb akci\u00f3kr\u00f3l. !<\/p>\n<p>Az adatkezel\u00e9s jogalapja:<\/p>\n<p>Az \u00d6n \u00f6nk\u00e9ntes hozz\u00e1j\u00e1rul\u00e1sa, melyet leiratkoz\u00e1ssal b\u00e1rmikor visszavonhat. A visszavon\u00e1s nem<\/p>\n<p>\u00e9rinti az azt megel\u0151z\u0151 jogszer\u0171 adatkezel\u00e9st. A visszavon\u00e1s eset\u00e9n nem kap \u00e9rtes\u00edt\u00e9st<\/p>\n<p>h\u00edrfolyamunkr\u00f3l, az \u00d6n h\u00edrfolyam\u00e1n nem jelennek meg h\u00edreink, a h\u00edrfolyamhoz azonban \u00edgy is<\/p>\n<p>hozz\u00e1f\u00e9r, hiszen oldalunk nyilv\u00e1nos. !<\/p>\n<p>Az adatkezel\u00e9si id\u0151:<\/p>\n<p>Az adatkezel\u00e9s az \u00d6n leiratkoz\u00e1s\u00e1ig tart. !<\/p>\n<p>Az adattov\u00e1bb\u00edt\u00e1sra, vagy adat-feldogoz\u00f3 ig\u00e9nybev\u00e9tel\u00e9re nem ker\u00fcl sor. !<\/p>\n<p>A Facebook \u00e9s Instagram t\u0151l\u00fcnk f\u00fcggetlen, k\u00fcl\u00f6n adatkezel\u0151. Az oldal adatkezel\u00e9s\u00e9r\u0151l t\u00e1j\u00e9koztat\u00e1st<\/p>\n<p>a Facebook honlapj\u00e1n tal\u00e1lhat\u00f3 adatv\u00e9delmi ir\u00e1nyelvekb\u0151l \u00e9s szab\u00e1lyzatb\u00f3l az al\u00e1bbi linkeken<\/p>\n<p>kaphat:<\/p>\n<p><a href=\"https:\/\/www.facebook.com\/policies\/cookies\/\" data-saferedirecturl=\"https:\/\/www.google.com\/url?q=https:\/\/www.facebook.com\/policies\/cookies\/&amp;source=gmail&amp;ust=1646378952880000&amp;usg=AOvVaw1ALBUl8XY2Mpl3tddXpU9R\" target=\"_blank\" rel=\"noopener\">https:\/\/www.facebook.com\/policies\/cookies\/<\/a><\/p>\n<p><a href=\"https:\/\/www.facebook.com\/about\/privacy\/update\" data-saferedirecturl=\"https:\/\/www.google.com\/url?q=https:\/\/www.facebook.com\/about\/privacy\/update&amp;source=gmail&amp;ust=1646378952880000&amp;usg=AOvVaw1HjbX7-wEG9iqK5YgSb5-T\" target=\"_blank\" rel=\"noopener\">https:\/\/www.facebook.com\/about\/privacy\/update<\/a><\/p>\n<p>Az Instagram adatkezel\u00e9s\u00e9r\u0151l az al\u00e1bbi linken kaphat t\u00e1j\u00e9koztat\u00e1st:<\/p>\n<p><a href=\"http:\/\/help.instagram.com\/\" data-saferedirecturl=\"https:\/\/www.google.com\/url?q=http:\/\/help.instagram.com&amp;source=gmail&amp;ust=1646378952880000&amp;usg=AOvVaw1TuII_PgPdCaiTyRi9GYEe\" target=\"_blank\" rel=\"noopener\">help.instagram.com<\/a><\/p>\n<p>A Facebook alkalmaz\u00e1sok \u00e9s nyerem\u00e9nyj\u00e1t\u00e9kok haszn\u00e1lata sor\u00e1n az adatkezel\u00e9s a 2.10. pontban<\/p>\n<p>foglaltak szerint zajlik.<\/p>\n<p>A T\u00e1rsas\u00e1g Facebook oldal\u00e1n k\u00e9peket\/filmeket is k\u00f6zz\u00e9tesz a k\u00fcl\u00f6nb\u00f6z\u0151 esem\u00e9nyekr\u0151l\/sz\u00e1llod\u00e1r\u00f3l\/<\/p>\n<p>fitness klubr\u00f3l\/\u00e9tteremr\u0151l stb. Amennyiben nem t\u00f6megfelv\u00e9telr\u0151l van sz\u00f3, a T\u00e1rsas\u00e1g mindig kik\u00e9ri<\/p>\n<p>az \u00e9rintett \u00edr\u00e1sbeli hozz\u00e1j\u00e1rul\u00e1s\u00e1t a k\u00e9pek k\u00f6zz\u00e9t\u00e9tele el\u0151tt. !<\/p>\n<p>Amennyiben az 1. pontban foglalt b\u00e1rmely jog\u00e1t az \u00edgy megadott adatokkal kapcsolatban k\u00edv\u00e1nja<\/p>\n<p>gyakorolni, vagy egy\u00e9b okb\u00f3l k\u00edv\u00e1n kapcsolatba l\u00e9pni vel\u00fcnk a fenti adatkezel\u00e9s kapcs\u00e1n, k\u00e9rj\u00fck,<\/p>\n<p>jelezze fel\u00e9nk az\u00a0<a href=\"mailto:info@platanrestaurant.hu\">info@platanrestaurant.hu<\/a>\u00a0c\u00edmre k\u00fcld\u00f6tt e-mail \u00fatj\u00e1n. !!<\/p>\n<p><strong>2.10 Nyerem\u00e9nyj\u00e1t\u00e9k<\/strong><\/p>\n<p>A Plat\u00e1n K\u00e1v\u00e9h\u00e1z Kft. \u00f6n\u00e1ll\u00f3an vagy k\u00fcls\u0151s c\u00e9ggel egy\u00fctt esetenk\u00e9nt nyerem\u00e9nyj\u00e1t\u00e9kot szervez. A<\/p>\n<p>nyerem\u00e9nyj\u00e1t\u00e9kban val\u00f3 r\u00e9szv\u00e9telre pap\u00edr alap\u00fa, vagy online jelentkez\u00e9st k\u00f6vet\u0151en van lehet\u0151s\u00e9g,<\/p>\n<p>\u00e1ltal\u00e1ban az al\u00e1bbi adatok megad\u00e1sa ut\u00e1n:<\/p>\n<p>N\u00e9v<\/p>\n<p>Lakc\u00edm<\/p>\n<p>Telefonsz\u00e1m<\/p>\n<p>E-mail c\u00edm<\/p>\n<p>El\u0151fordulhat, hogy nincs sz\u00fcks\u00e9g a fenti adatokra (pl: Facebook nyerem\u00e9nyj\u00e1t\u00e9kban), vagy m\u00e1s<\/p>\n<p>adatra is sz\u00fcks\u00e9g van, \u00edgy az adatok k\u00f6re v\u00e1ltozhat.<\/p>\n<p>\u00a0<\/p>\n<p>Az adatkezel\u00e9s c\u00e9lja:<\/p>\n<p>Nyerem\u00e9nyj\u00e1t\u00e9k szervez\u00e9se, valamint kapcsolattart\u00e1s annak \u00e9rdek\u00e9ben, hogy a nyerteshez a Plat\u00e1n<\/p>\n<p>K\u00e1v\u00e9h\u00e1z Kft. eljuttathassa a nyerem\u00e9nyt. !<\/p>\n<p>Az adatkezel\u00e9s jogalapja:<\/p>\n<p>Az \u00d6n hozz\u00e1j\u00e1rul\u00e1sa. Hozz\u00e1j\u00e1rul\u00e1s\u00e1t b\u00e1rmikor visszavonhatja az info(kukac)<a href=\"http:\/\/platanrestaurant.hu\/\" data-saferedirecturl=\"https:\/\/www.google.com\/url?q=http:\/\/platanrestaurant.hu&amp;source=gmail&amp;ust=1646378952880000&amp;usg=AOvVaw3FZonA57bGOuo3U9VchwL6\" target=\"_blank\" rel=\"noopener\">platanrestaurant.hu<\/a>\u00a0c\u00edmre<\/p>\n<p>k\u00fcld\u00f6tt e-mail, vagy a sz\u00e1lloda posta c\u00edm\u00e9re k\u00fcld\u00f6tt lev\u00e9l \u00fatj\u00e1n. A visszavon\u00e1s nem \u00e9rinti az azt<\/p>\n<p>megel\u0151z\u0151 adatkezel\u00e9st. A hozz\u00e1j\u00e1rul\u00e1s felt\u00e9tele a nyerem\u00e9nyj\u00e1t\u00e9kban t\u00f6rt\u00e9n\u0151 r\u00e9szv\u00e9telnek. !<\/p>\n<p>Az adatkezel\u00e9si id\u0151:<\/p>\n<p>Az adatkezel\u00e9s a nyerem\u00e9nyj\u00e1t\u00e9k v\u00e9g\u00e9ig tart, a sorsol\u00e1st k\u00f6vet\u0151 30 napon bel\u00fcl az \u00edgy kezelt adatok<\/p>\n<p>(a nyertes\/ek \u00e9s p\u00f3tnyertes\/ek kiv\u00e9tel\u00e9vel) t\u00f6rl\u00e9sre ker\u00fclnek. A nyertes\/ek \u00e9s p\u00f3tnyertes\/ek adatait,<\/p>\n<p>amennyiben az sz\u00fcks\u00e9ges a Plat\u00e1n K\u00e1v\u00e9h\u00e1z Kft. a mindenkori ad\u00f3jogi \u00e9s sz\u00e1mviteli el\u0151\u00edr\u00e1soknak<\/p>\n<p>megfelel\u0151 8 \u00e9vig t\u00e1rolja, majd a hat\u00e1rid\u0151 eltelt\u00e9vel t\u00f6rli azokat. !<\/p>\n<p>Az esetleges adattov\u00e1bb\u00edt\u00e1sr\u00f3l, \u00e9s adatfeldolgoz\u00f3kr\u00f3l, valamint az adatkezel\u00e9s egy\u00e9b jelen<\/p>\n<p>t\u00e1j\u00e9koztat\u00f3t\u00f3l elt\u00e9r\u0151 r\u00e9szleteir\u0151l mindig az adott nyerem\u00e9nyj\u00e1t\u00e9k sor\u00e1n adunk t\u00e1j\u00e9koztat\u00e1st. !<\/p>\n<p>A h\u00edrlev\u00e9lre feliratkoz\u00f3, prom\u00f3ci\u00f3s megkeres\u00e9shez hozz\u00e1j\u00e1rul\u00f3 Vend\u00e9gek eset\u00e9n a fenti adatokat a<\/p>\n<p>Plat\u00e1n K\u00e1v\u00e9h\u00e1z Kft. a jelen T\u00e1j\u00e9koztat\u00f3 2.5. pontj\u00e1ban foglaltaknak megfelel\u0151en kezeli tov\u00e1bb. !<\/p>\n<p>Amennyiben az 1. pontban foglalt b\u00e1rmely jog\u00e1t az \u00edgy megadott adatokkal kapcsolatban k\u00edv\u00e1nja<\/p>\n<p>gyakorolni, vagy egy\u00e9b okb\u00f3l k\u00edv\u00e1n kapcsolatba l\u00e9pni vel\u00fcnk a fenti adatkezel\u00e9s kapcs\u00e1n, k\u00e9rj\u00fck,<\/p>\n<p>jelezze fel\u00e9nk a Plat\u00e1n K\u00e1v\u00e9h\u00e1z Kft. c\u00edmre k\u00fcld\u00f6tt e-mail \u00fatj\u00e1n. !<\/p>\n<p><strong>2.11 Kapcsolat<\/strong><\/p>\n<p>\u00d6n b\u00e1rmely el\u00e9rhet\u0151s\u00e9g\u00fcnk\u00f6n kapcsolatba l\u00e9phet vel\u00fcnk (e-mailben, Facebookon kereszt\u00fcl, telefon,<\/p>\n<p>postai \u00faton, vagy az erre kialak\u00edtott \u0171rlapok \u00fatj\u00e1n (pl: aj\u00e1nlatk\u00e9r\u00e9s)). Ilyen esetben a vel\u00fcnk<\/p>\n<p>megosztott szem\u00e9lyes adatok adatkezel\u00e9s\u00e9hez a hozz\u00e1j\u00e1rul\u00e1s\u00e1t v\u00e9lelmezz\u00fck.<\/p>\n<p>Az adatkezel\u00e9s c\u00e9lja:<\/p>\n<p>Kapcsolattart\u00e1s a megkeres\u0151vel, \u00e9s a k\u00e9rd\u00e9s\/k\u00e9r\u00e9s megv\u00e1laszol\u00e1sa, illetve megold\u00e1sa.<\/p>\n<p>Az adatkezel\u00e9s jogalapja:<\/p>\n<p>Mivel \u00d6n keres meg minket, az adatkezel\u00e9s jogalapja az \u00d6n (v\u00e9lelmezett) \u00f6nk\u00e9ntes hozz\u00e1j\u00e1rul\u00e1sa. A<\/p>\n<p>hozz\u00e1j\u00e1rul\u00e1s\u00e1t b\u00e1rmikor visszavonhatja, azonban ebben az esetben nem tudjuk megv\u00e1laszolni<\/p>\n<p>megkeres\u00e9s\u00e9t. A visszavon\u00e1s nem \u00e9rinti az azt megel\u0151z\u0151 jogos adatkezel\u00e9st.<\/p>\n<p>T\u00e1j\u00e9koztatjuk, hogy az egyes \u0171rlapokon felt\u00fcntetett adatmez\u0151k, a tapasztalataink alapj\u00e1n ker\u00fcltek<\/p>\n<p>kialak\u00edt\u00e1sra, mely sor\u00e1n az adott k\u00e9r\u00e9s megv\u00e1laszol\u00e1s\u00e1hoz legsz\u00fcks\u00e9gesebb adatokat k\u00e9rj\u00fck el. A<\/p>\n<p>k\u00f6telez\u0151en kit\u00f6ltend\u0151 mez\u0151ket piros csillaggal jel\u00f6lj\u00fck.<\/p>\n<p>Az adatkezel\u00e9si id\u0151:<\/p>\n<p>Az \u00fczeneteket \u00e9s az \u00edgy megkapott szem\u00e9lyes adatokat az adott k\u00e9r\u00e9s, k\u00e9rd\u00e9s, vagy panasz<\/p>\n<p>megv\u00e1laszol\u00e1s\u00e1t k\u00f6vet\u0151en az adott \u00e9vet k\u00f6vet\u0151 egy \u00e9v eltelt\u00e9vel t\u00f6r\u00f6lj\u00fck. Amennyiben azonban\u2013 a<\/p>\n<p>levelez\u00e9s term\u00e9szet\u00e9b\u0151l ad\u00f3d\u00f3an \u2013 ad\u00f3jogi vagy sz\u00e1mviteli okokb\u00f3l, vagy esetleg a T\u00e1rsas\u00e1g, vagy a<\/p>\n<p>megkeres\u0151 jogainak, \u00e9rdekeinek v\u00e9delme szempontj\u00e1b\u00f3l arra sz\u00fcks\u00e9g van, azt archiv\u00e1ljuk, \u00e9s \u2013 a<\/p>\n<p>minden esetben egyedileg vizsg\u00e1lt \u2013 sz\u00fcks\u00e9ges ideig t\u00e1roljuk.<\/p>\n<p>\u00a0<\/p>\n<p><strong>2.12 Panaszkezel\u00e9si jegyz\u0151k\u00f6nyv<\/strong><\/p>\n<p>A fogyaszt\u00f3i panaszkezel\u00e9s sor\u00e1n, ha \u00d6n a panasz kezel\u00e9s\u00e9vel nem \u00e9rt egyet, vagy a panasz<\/p>\n<p>azonnali kivizsg\u00e1l\u00e1sa nem lehets\u00e9ges, a Plat\u00e1n K\u00e1v\u00e9h\u00e1z Kft. a panaszr\u00f3l \u00e9s az azzal kapcsolatos<\/p>\n<p>\u00e1ll\u00e1spontj\u00e1r\u00f3l halad\u00e9ktalanul k\u00f6teles jegyz\u0151k\u00f6nyvet felvenni.<\/p>\n<p>A jegyz\u0151k\u00f6nyv az al\u00e1bbi adatokat tartalmazza:<\/p>\n<p>A fogyaszt\u00f3 neve, lakc\u00edme<\/p>\n<p>A panasz el\u0151terjeszt\u00e9s\u00e9nek helye, ideje, m\u00f3dja<\/p>\n<p>A fogyaszt\u00f3 panasz\u00e1nak r\u00e9szletes le\u00edr\u00e1sa, a fogyaszt\u00f3 \u00e1ltal bemutatott iratok, dokumentumok<\/p>\n<p>\u00e9s egy\u00e9b bizony\u00edt\u00e9kok jegyz\u00e9ke<\/p>\n<p>A Plat\u00e1n K\u00e1v\u00e9h\u00e1z Kft. nyilatkozata a fogyaszt\u00f3 panasz\u00e1val kapcsolatos \u00e1ll\u00e1spontj\u00e1r\u00f3l,<\/p>\n<p>amennyiben a panasz azonnali kivizsg\u00e1l\u00e1sa lehets\u00e9ges<\/p>\n<p>A jegyz\u0151k\u00f6nyvet felvev\u0151 szem\u00e9ly \u00e9s \u2013 telefonon vagy elektronikus \u00faton k\u00f6z\u00f6lt sz\u00f3beli<\/p>\n<p>panasz kiv\u00e9tel\u00e9vel \u2013 a fogyaszt\u00f3 al\u00e1\u00edr\u00e1sa<\/p>\n<p>A jegyz\u0151k\u00f6nyv felv\u00e9tel\u00e9nek helye, ideje<\/p>\n<p>Telefonon vagy elektronikus \u00faton k\u00f6z\u00f6lt sz\u00f3beli panasz eset\u00e9n a panasz egyedi<\/p>\n<p>azonos\u00edt\u00f3sz\u00e1ma<\/p>\n<p>Az adatkezel\u00e9s c\u00e9lja:<\/p>\n<p>A panasz kivizsg\u00e1l\u00e1sa \u00e9s kapcsolattart\u00e1s a panasztev\u0151vel. !<\/p>\n<p>Az adatkezel\u00e9s jogalapja:<\/p>\n<p>A fogyaszt\u00f3v\u00e9delemr\u0151l sz\u00f3l\u00f3 1997. \u00e9vi CLV. t\u00f6rv\u00e9ny 17\/A. \u00a7 (7) bekezd\u00e9se, mely k\u00f6telez\u0151v\u00e9 teszi a<\/p>\n<p>fenti adatkezel\u00e9st. !<\/p>\n<p>Az adatkezel\u00e9s id\u0151:<\/p>\n<p>A jegyz\u0151k\u00f6nyv felv\u00e9tel\u00e9t\u0151l sz\u00e1m\u00edtott 5 \u00e9v. !<\/p>\n<p>Amennyiben az 1. pontban foglalt b\u00e1rmely jog\u00e1t az \u00edgy megadott adatokkal kapcsolatban k\u00edv\u00e1nja<\/p>\n<p>gyakorolni, vagy egy\u00e9b okb\u00f3l k\u00edv\u00e1n kapcsolatba l\u00e9pni vel\u00fcnk a fenti adatkezel\u00e9s kapcs\u00e1n, k\u00e9rj\u00fck,<\/p>\n<p>jelezze fel\u00e9nk az\u00a0<a href=\"mailto:info@platanrestaurant.hu\">info@platanrestaurant.hu<\/a>\u00a0c\u00edmre k\u00fcld\u00f6tt e-mail \u00fatj\u00e1n. !<\/p>\n<p>\u00a0<\/p>\n<p><strong>2.13 Automatikusan r\u00f6gz\u00edtett adatok, cookiek (s\u00fctik) \u00e9s \u201cremarketing k\u00f3dok\u201d !<\/strong><\/p>\n<p>\u00a0<\/p>\n<p><strong>2.14.1 Automatikusan r\u00f6gz\u00edtett adatok<\/strong><\/p>\n<p>Ha \u00d6n megtekinti a honlapunkat automatikusan r\u00f6gz\u00edt\u00e9sre ker\u00fclnek, az \u00d6n eszk\u00f6z\u00e9nek (pl: laptop,<\/p>\n<p>PC, telefon, t\u00e1blag\u00e9p) bizonyos adatai. Ilyen adatok az IP c\u00edm, a l\u00e1togat\u00e1s id\u0151pontja \u00e9s d\u00e1tuma, a<\/p>\n<p>haszn\u00e1lt b\u00f6ng\u00e9sz\u0151 t\u00edpusa, az oper\u00e1ci\u00f3s rendszer t\u00edpusa, \u00e9s az internet szolg\u00e1ltat\u00f3 domain neve \u00e9s<\/p>\n<p>c\u00edme. A r\u00f6gz\u00edt\u00e9sre ker\u00fcl\u0151 adatokat a honlapot kiszolg\u00e1l\u00f3 webszerver az \u00d6n k\u00fcl\u00f6n nyilatkozata vagy<\/p>\n<p>cselekm\u00e9nye n\u00e9lk\u00fcl a honlap megtekint\u00e9se sor\u00e1n automatikusan napl\u00f3zza. Ezen adatokb\u00f3l a<\/p>\n<p>rendszer automatikusan statisztikai adatokat gener\u00e1l. Ezen adatok egy\u00e9b szem\u00e9lyes adatokkal a<\/p>\n<p>t\u00f6rv\u00e9ny \u00e1ltal k\u00f6telez\u0151v\u00e9 tett esetek kiv\u00e9tel\u00e9vel \u2013 \u00f6ssze nem kapcsolhat\u00f3ak. Ezeket az inform\u00e1ci\u00f3kat<\/p>\n<p>kiz\u00e1r\u00f3lag \u00f6sszes\u00edtett \u00e9s feldolgozott (aggreg\u00e1lt) form\u00e1ban hasznos\u00edtjuk, szolg\u00e1ltat\u00e1saink esetleges<\/p>\n<p>hib\u00e1inak kijav\u00edt\u00e1sa, min\u0151s\u00e9g\u00fck jav\u00edt\u00e1sa \u00e9rdek\u00e9ben \u00e9s statisztikai c\u00e9lokra. !<\/p>\n<p>Az adatkezel\u00e9s c\u00e9lja:<\/p>\n<p>Az informatikai rendszer technikai fejleszt\u00e9se, a szolg\u00e1ltat\u00e1s m\u0171k\u00f6d\u00e9s\u00e9nek ellen\u0151rz\u00e9se \u00e9s statisztika<\/p>\n<p>k\u00e9sz\u00edt\u00e9se. Vissza\u00e9l\u00e9sek eset\u00e9n a l\u00e1togat\u00f3k internet szolg\u00e1ltat\u00f3j\u00e1val \u00e9s a hat\u00f3s\u00e1gokkal<\/p>\n<p>egy\u00fcttm\u0171k\u00f6dve az adatok felhaszn\u00e1lhat\u00f3k a vissza\u00e9l\u00e9sek forr\u00e1s\u00e1nak meg\u00e1llap\u00edt\u00e1s\u00e1ra is. !!<\/p>\n<p>\u00a0<\/p>\n<p>Az adatkezel\u00e9s jogalapja:<\/p>\n<p>Az elektronikus kereskedelmi szolg\u00e1ltat\u00e1sok, valamint az inform\u00e1ci\u00f3s t\u00e1rsadalommal \u00f6sszef\u00fcgg\u0151<\/p>\n<p>szolg\u00e1ltat\u00e1sok egyes k\u00e9rd\u00e9seir\u0151l sz\u00f3l\u00f3 2001. \u00e9vi CVIII. t\u00f6rv\u00e9ny 13\/A. \u00a7 (3) bekezd\u00e9se alapj\u00e1n a<\/p>\n<p>szolg\u00e1ltat\u00e1s ny\u00fajt\u00e1s\u00e1nak felt\u00e9tele. !<\/p>\n<p>Az adatkezel\u00e9si id\u0151: A honlap megtekint\u00e9s\u00e9t\u0151l sz\u00e1m\u00edtott 30 nap.<\/p>\n<p>\u00a0<\/p>\n<p><strong>2.14.2. Cookie-k (s\u00fctik) \u00e9s hasonl\u00f3 technol\u00f3gi\u00e1k<\/strong><\/p>\n<p>Mi az a cookie (s\u00fcti)?<\/p>\n<p>A cookie (s\u00fcti) egy olyan kism\u00e9ret\u0171 sz\u00f6vegf\u00e1jl, amely a sz\u00e1m\u00edt\u00f3g\u00e9p vagy a mobil eszk\u00f6z<\/p>\n<p>merevlemez\u00e9n t\u00e1rol\u00f3dik a cookieban be\u00e1ll\u00edtott lej\u00e1rati ideig \u00e9s a k\u00e9s\u0151bbi l\u00e1togat\u00e1sokkor aktiv\u00e1l\u00f3dik<\/p>\n<p>(visszajelez a webkiszolg\u00e1l\u00f3nak). A honlapok cookie-kat haszn\u00e1lnak azzal a c\u00e9llal, hogy r\u00f6gz\u00edts\u00e9k a<\/p>\n<p>l\u00e1togat\u00e1ssal kapcsolatos inform\u00e1ci\u00f3kat (megl\u00e1togatott oldalak, az oldalakon t\u00f6lt\u00f6tt id\u0151, b\u00f6ng\u00e9sz\u00e9si<\/p>\n<p>adatok, kil\u00e9p\u00e9sek, stb.), illetve a szem\u00e9lyes be\u00e1ll\u00edt\u00e1sokat, ezek azonban a l\u00e1togat\u00f3 szem\u00e9ly\u00e9vel<\/p>\n<p>kapcsolatba nem hozhat\u00f3 adatok. Ez az eszk\u00f6z seg\u00edt a felhaszn\u00e1l\u00f3bar\u00e1t honlap kialak\u00edt\u00e1s\u00e1ban, a<\/p>\n<p>l\u00e1togat\u00f3k online \u00e9lm\u00e9ny\u00e9nek fokoz\u00e1sa \u00e9rdek\u00e9ben. !<\/p>\n<p>M\u00e1s platformokon \u2013 ahol a cookie-k nem \u00e9rhet\u0151k el vagy nem haszn\u00e1lhat\u00f3k \u2013 egy\u00e9b technol\u00f3gi\u00e1k is<\/p>\n<p>alkalmazhat\u00f3ak, melyek c\u00e9lja hasonl\u00edt a cookie-k\u00e9hoz: ilyen lehet p\u00e9ld\u00e1ul a hirdet\u00e9sazonos\u00edt\u00f3 az<\/p>\n<p>androidos mobileszk\u00f6z\u00f6k\u00f6n. !<\/p>\n<p>A cookie-k k\u00e9t t\u00edpusa: \u201cmunkamenet s\u00fctik\u201d \u00e9s \u201cmaradand\u00f3 s\u00fctik\u201d.<\/p>\n<p>A \u201cmunkamenet s\u00fctik\u201d (session cookie) a sz\u00e1m\u00edt\u00f3g\u00e9p, not ebook vagy mobileszk\u00f6z csak<\/p>\n<p>ideiglenesen t\u00e1rolja, mindaddig, am\u00edg \u00d6n el nem hagyja az adott honlapot; ezek a s\u00fctik<\/p>\n<p>seg\u00edtenek a rendszernek, hogy inform\u00e1ci\u00f3t jegyezzen meg, \u00edgy \u00d6nnek nem kell ism\u00e9telten<\/p>\n<p>megadnia vagy kit\u00f6ltenie az adott inform\u00e1ci\u00f3t. A munkamenet s\u00fctik \u00e9rv\u00e9nyess\u00e9gi ideje<\/p>\n<p>kiz\u00e1r\u00f3lag a felhaszn\u00e1l\u00f3 aktu\u00e1lis munkamenet\u00e9re korl\u00e1toz\u00f3dik, c\u00e9ljuk az adatveszt\u00e9s<\/p>\n<p>megakad\u00e1lyoz\u00e1sa (p\u00e9ld\u00e1ul egy hosszabb \u0171rlap kit\u00f6lt\u00e9se sor\u00e1n). A munkamenet v\u00e9gezt\u00e9vel,<\/p>\n<p>illetve a b\u00f6ng\u00e9sz\u0151 bez\u00e1r\u00e1s\u00e1val a s\u00fctik e fajt\u00e1ja automatikusan t\u00f6rl\u0151dik a l\u00e1togat\u00f3<\/p>\n<p>sz\u00e1m\u00edt\u00f3g\u00e9p\u00e9r\u0151l.<\/p>\n<p>A \u201cmaradand\u00f3 s\u00fctik\u201d (persistent cookie) a honlap elhagy\u00e1s\u00e1t k\u00f6vet\u0151en is t\u00e1rol\u00f3dnak a<\/p>\n<p>sz\u00e1m\u00edt\u00f3g\u00e9pen, notebookon vagy mobileszk\u00f6z\u00f6n. Ezen cookie-k seg\u00edts\u00e9g\u00e9vel a honlap<\/p>\n<p>felismeri \u00d6nt, mint visszat\u00e9r\u0151 l\u00e1togat\u00f3t. A maradand\u00f3 s\u00fctik a kiszolg\u00e1l\u00f3 oldali azonos\u00edt\u00f3 \u2013<\/p>\n<p>felhaszn\u00e1l\u00f3 \u00f6sszerendel\u00e9s r\u00e9v\u00e9n alkalmasak az \u00d6n azonos\u00edt\u00e1s\u00e1ra, \u00edgy minden olyan esetben,<\/p>\n<p>ahol a felhaszn\u00e1l\u00f3 hiteles\u00edt\u00e9se elengedhetetlen \u2013 pl. web\u00e1ruh\u00e1z, netbank, webmail \u2013 a helyes<\/p>\n<p>m\u0171k\u00f6d\u00e9s sz\u00fcks\u00e9ges felt\u00e9telei. A maradand\u00f3 s\u00fctik \u00f6nmagukban nem hordoznak szem\u00e9lyes<\/p>\n<p>adatot \u00e9s csak a kiszolg\u00e1l\u00f3 adatb\u00e1zis\u00e1ban t\u00e1rolt \u00f6sszerendel\u00e9ssel egy\u00fctt alkalmasak a<\/p>\n<p>felhaszn\u00e1l\u00f3 azonos\u00edt\u00e1s\u00e1ra. Az ilyen s\u00fctik kock\u00e1zata az, hogy val\u00f3j\u00e1ban nem a felhaszn\u00e1l\u00f3t,<\/p>\n<p>hanem a b\u00f6ng\u00e9sz\u0151t azonos\u00edtja, vagyis, ha valaki nyilv\u00e1nos helyen, pl. netk\u00e1v\u00e9z\u00f3ban,<\/p>\n<p>k\u00f6nyvt\u00e1rban bel\u00e9p egy web\u00e1ruh\u00e1zba, \u00e9s t\u00e1voz\u00e1skor nem l\u00e9p ki onnan, akkor k\u00e9s\u0151bb egy<\/p>\n<p>m\u00e1sik szem\u00e9ly ugyanezt a sz\u00e1m\u00edt\u00f3g\u00e9pet haszn\u00e1lva illet\u00e9ktelen\u00fcl is hozz\u00e1f\u00e9rhet az adott<\/p>\n<p>web\u00e1ruh\u00e1zhoz az eredeti felhaszn\u00e1l\u00f3 nev\u00e9ben. !<\/p>\n<p>Hogyan enged\u00e9lyezhetem, vagy tilthatom le a cookie-kat (s\u00fctiket)?<\/p>\n<p>A legt\u00f6bb internetes b\u00f6ng\u00e9sz\u0151 automatikusan elfogadja a cookie-kat, a l\u00e1togat\u00f3knak azonban<\/p>\n<p>lehet\u0151s\u00e9g\u00fck van ezeket kit\u00f6r\u00f6lni, vagy visszautas\u00edtani. Mivel minden b\u00f6ng\u00e9sz\u0151 elt\u00e9r\u0151, \u00d6n<\/p>\n<p>egy\u00e9nileg, a b\u00f6ng\u00e9sz\u0151 eszk\u00f6zt\u00e1ra seg\u00edts\u00e9g\u00e9vel \u00e1ll\u00edthatja be a cookie-kal kapcsolatos preferenci\u00e1it.<\/p>\n<p>Amennyiben semmilyen cookie-t nem k\u00edv\u00e1n enged\u00e9lyezni a honlapunkr\u00f3l, m\u00f3dos\u00edthatja a<\/p>\n<p>webb\u00f6ng\u00e9sz\u0151 be\u00e1ll\u00edt\u00e1sait \u00fagy, hogy \u00e9rtes\u00edt\u00e9st kapjon a k\u00fcld\u00f6tt cookie-kr\u00f3l, vagy egyszer\u0171en<\/p>\n<p>elutas\u00edthat minden cookie-t. Ugyanakkor b\u00e1rmikor t\u00f6r\u00f6lheti a sz\u00e1m\u00edt\u00f3g\u00e9p\u00e9n vagy mobileszk\u00f6z\u00e9n<\/p>\n<p>elt\u00e1rolt cookie-kat is. A be\u00e1ll\u00edt\u00e1sokkal kapcsolatos tov\u00e1bbi tudnival\u00f3kat keresse a b\u00f6ng\u00e9sz\u0151<\/p>\n<p>\u00a0<\/p>\n<p>S\u00fag\u00f3j\u00e1ban. K\u00e9rj\u00fck, vegye figyelembe, hogy amennyiben \u00fagy d\u00f6nt, hogy letiltja a cookie-kat, le kell<\/p>\n<p>mondania a honlap bizonyos funkci\u00f3ir\u00f3l. !<\/p>\n<p>Milyen cookie-kat alkalmazunk? !<\/p>\n<ol>\n<li>A honlap m\u0171k\u00f6d\u00e9s\u00e9hez elengedhetetlen eszk\u00f6z\u00f6k:<\/li>\n<\/ol>\n<p>Az ilyen cookie-k a honlap megfelel\u0151 m\u0171k\u00f6d\u00e9s\u00e9hez elengedhetetlenek, \u00edgy ebben az esetben az<\/p>\n<p>adatkezel\u00e9s jogalapja Az elektronikus kereskedelmi szolg\u00e1ltat\u00e1sok, valamint az inform\u00e1ci\u00f3s<\/p>\n<p>t\u00e1rsadalommal \u00f6sszef\u00fcgg\u0151 szolg\u00e1ltat\u00e1sok egyes k\u00e9rd\u00e9seir\u0151l sz\u00f3l\u00f3 2001. \u00e9vi CVIII. t\u00f6rv\u00e9ny 13\/A. \u00a7<\/p>\n<p>(3) bekezd\u00e9se. Adattov\u00e1bb\u00edt\u00e1s nem t\u00f6rt\u00e9nik. !<\/p>\n<ol>\n<li>a) Kit\u00f6lt\u00e9si seg\u00e9dlet<\/li>\n<\/ol>\n<p>Az adatkezel\u00e9s c\u00e9lja: Seg\u00edti az adatlapok kit\u00f6lt\u00e9s\u00e9t azzal, hogy el\u0151re felaj\u00e1nlja az \u00d6n r\u00e9sz\u00e9re<\/p>\n<p>megfelel\u0151nek t\u0171n\u0151 kit\u00f6lt\u00e9st.<\/p>\n<p>Az adatkezel\u00e9si id\u0151: a weblapon tart\u00f3zkod\u00e1s idej\u00e9ig tart !<\/p>\n<ol>\n<li>b) Seg\u00edt a keres\u00e9sben<\/li>\n<\/ol>\n<p>Az adatkezel\u00e9s c\u00e9lja: Seg\u00edt a keres\u00e9sben, hogy a leggyorsabban megtal\u00e1lja, amit keres<\/p>\n<p>Az adatkezel\u00e9si id\u0151: a weblapon tart\u00f3zkod\u00e1s idej\u00e9ig tart ! c) Helyes\u00edr\u00e1s ellen\u0151rz\u0151<\/p>\n<p>Az adatkezel\u00e9s c\u00e9lja: Automatikusan jav\u00edtja a v\u00e9lelmezett el\u00fct\u00e9si hib\u00e1kat<\/p>\n<p>Az adatkezel\u00e9si id\u0151: a weblapon tart\u00f3zkod\u00e1s idej\u00e9ig tart !<\/p>\n<ol>\n<li>d) Nyelvi be\u00e1ll\u00edt\u00e1s azonos\u00edt\u00e1sa:<\/li>\n<\/ol>\n<p>Az adatkezel\u00e9s c\u00e9lja: A honlap a l\u00e1togat\u00e1sa sor\u00e1n a rendszer norm\u00e1l cookie seg\u00edts\u00e9g\u00e9vel<\/p>\n<p>beazonos\u00edtja \u00d6nt, mint egyedi felhaszn\u00e1l\u00f3t, hogy megjegyezze a nyelvi be\u00e1ll\u00edt\u00e1sait.<\/p>\n<p>Az adatkezel\u00e9si id\u0151: Ezt a be\u00e1ll\u00edt\u00e1st (cookie-t) 29 napig t\u00e1roljuk. ! e) K\u00f6z\u00f6ss\u00e9gi h\u00e1l\u00f3zati cookie (Facebook, Instagram, Google+, Youtube)<\/p>\n<p>Az adatkezel\u00e9s c\u00e9lja: Ez a cookie lehet\u0151s\u00e9get ny\u00fajt arra, hogy a honlapon tal\u00e1lhat\u00f3 tartalmak<\/p>\n<p>megoszt\u00e1sra ker\u00fcljenek.<\/p>\n<p>Az adatkezel\u00e9si id\u0151: Ezt a cookie-t a megoszt\u00e1s idej\u00e9ig t\u00e1roljuk. !<\/p>\n<p>A Facebookr\u00f3l b\u0151vebben a 2. pontban olvashat.<\/p>\n<ol>\n<li>f) Multim\u00e9dia lej\u00e1tsz\u00f3 (youtube)<\/li>\n<\/ol>\n<p>Az adatkezel\u00e9s c\u00e9lja: Ez a cookie lehet\u0151s\u00e9get ny\u00fajt arra, hogy a honlapon tal\u00e1lhat\u00f3 vide\u00f3kat<\/p>\n<p>lej\u00e1tssza.<\/p>\n<p>Az adatkezel\u00e9si id\u0151: Ezt a cookie-t a lej\u00e1tsz\u00e1s idej\u00e9ig t\u00e1roljuk. !<\/p>\n<ol start=\"2\">\n<li>Statisztikai adatokat gy\u0171jt\u0151 cookie-k<\/li>\n<\/ol>\n<p>Ezek a cookie-k kiz\u00e1r\u00f3lag statisztikai adatokat gy\u0171jtenek, nem kezelnek teh\u00e1t szem\u00e9lyes adatot.<\/p>\n<p>M\u0171k\u00f6d\u00e9s\u00fck sor\u00e1n figyelik, hogyan haszn\u00e1lja \u00d6n a honlapot, mely t\u00e9m\u00e1kat tekint meg, mire klikkel,<\/p>\n<p>hogyan g\u00f6rgeti a honlapot, mely oldalakat l\u00e1togat meg. Az inform\u00e1ci\u00f3kat azonban kiz\u00e1r\u00f3lag anonim<\/p>\n<p>m\u00f3don gy\u0171jti. \u00cdgy megtudhatjuk p\u00e9ld\u00e1ul, hogy havonta h\u00e1ny l\u00e1togat\u00f3ja van az oldalnak. Ezek a<\/p>\n<p>statisztikai adatok seg\u00edtik tov\u00e1bb\u00e1 az oldalunk felhaszn\u00e1l\u00f3i ig\u00e9nyekhez igaz\u00edt\u00e1s\u00e1t. Az ilyen adatok<\/p>\n<p>gy\u0171jt\u00e9s\u00e9ben seg\u00edt a Google Tag Manager (\u00e9s Google Analytics), valamint a Hotjar. !<\/p>\n<ol start=\"3\">\n<li>Marketing c\u00e9l\u00fa cookie-k<\/li>\n<\/ol>\n<p>Az ilyen cookie-k adatkezel\u00e9si c\u00e9lja a szem\u00e9lyre szabott rekl\u00e1mok k\u00fcld\u00e9se.<\/p>\n<p>Az adatkezel\u00e9s jogalapja: Minden esetben az \u00d6n hozz\u00e1j\u00e1rul\u00e1sa, amelyet a honlapon felugr\u00f3<\/p>\n<p>ablakban ad meg. A hozz\u00e1j\u00e1rul\u00e1s\u00e1t b\u00e1rmikor visszavonhatja, a visszavon\u00e1s azonban nem \u00e9rinti az<\/p>\n<p>\u00a0<\/p>\n<p>azt megel\u0151z\u0151 jogszer\u0171 adatkezel\u00e9st. Visszavon\u00e1s eset\u00e9n nem jelennek meg m\u00e1s fel\u00fcleten az \u00d6n<\/p>\n<p>r\u00e9sz\u00e9re kialak\u00edtott rekl\u00e1mok. !<\/p>\n<ol>\n<li>a) Kategoriz\u00e1l\u00e1s a l\u00e1togat\u00e1s helye szerint,<\/li>\n<\/ol>\n<p>Az adatkezel\u00e9si id\u0151: 269 nap !<\/p>\n<ol>\n<li>b) Szem\u00e9lyreszabott Facebook aj\u00e1nlatok<\/li>\n<\/ol>\n<p>Az adatkezel\u00e9s ideje: legfeljebb 180 nap ! c) A Plat\u00e1n K\u00e1v\u00e9h\u00e1z Kft. rekl\u00e1mjaira t\u00f6rt\u00e9n\u0151 klikkel\u00e9s figyel\u00e9se<\/p>\n<p>Az adatkezel\u00e9si id\u0151: 2 \u00e9v !<\/p>\n<p>Amennyiben az 1. pontban foglalt b\u00e1rmely jog\u00e1t a fentiekkel kapcsolatban k\u00edv\u00e1nja gyakorolni, vagy<\/p>\n<p>egy\u00e9b okb\u00f3l k\u00edv\u00e1n kapcsolatba l\u00e9pni vel\u00fcnk a fenti adatkezel\u00e9s kapcs\u00e1n, k\u00e9rj\u00fck, jelezze fel\u00e9nk az<\/p>\n<p><a href=\"mailto:info@platanrestaurant.hu\">info@platanrestaurant.hu<\/a>\u00a0c\u00edmre k\u00fcld\u00f6tt e-mail \u00fatj\u00e1n. !<\/p>\n<p>\u00a0<\/p>\n<p><strong>2.14.3. Hivatkoz\u00e1sok \u00e9s linkek<\/strong><\/p>\n<p>A honlapunk olyan linkeket is tartalmazhat, amelyeket nem a Plat\u00e1n K\u00e1v\u00e9h\u00e1z Kft. t\u00e1rsas\u00e1gnak nincs<\/p>\n<p>semmilyen befoly\u00e1sa a partner c\u00e9gek \u00e1ltal \u00fczemeltetett honlapok tartalm\u00e1ra \u00e9s biztons\u00e1g\u00e1ra \u00edgy nem<\/p>\n<p>is tartozik felel\u0151ss\u00e9ggel azok\u00e9rt. K\u00e9rj\u00fck, tekintse \u00e1t az \u00d6n \u00e1ltal l\u00e1togatott oldalak adatkezel\u00e9si<\/p>\n<p>t\u00e1j\u00e9koztat\u00f3j\u00e1t miel\u0151tt az adott oldalon az adatait b\u00e1rmilyen form\u00e1ban megadn\u00e1. !<\/p>\n<p>\u00a0<\/p>\n<p><strong>2.15 \u00c1ll\u00e1shirdet\u00e9sek<\/strong><\/p>\n<p>Az e-mailben, pap\u00edr alapon lehet\u0151s\u00e9ge van arra, hogy a Plat\u00e1n K\u00e1v\u00e9h\u00e1z Kft. \u00e1ll\u00e1saj\u00e1nlataira<\/p>\n<p>jelentkezzen. !<\/p>\n<p>Az adatkezel\u00e9s c\u00e9lja:<\/p>\n<p>Az adatkezel\u00e9s c\u00e9lja az \u00e1ll\u00e1skeres\u0151k r\u00e9sz\u00e9re t\u00e1j\u00e9koztat\u00e1s ny\u00fajt\u00e1sa a ki\u00edrt p\u00e1ly\u00e1zatokr\u00f3l, a megfelel\u0151<\/p>\n<p>jelentkez\u0151k kiv\u00e1laszt\u00e1sa \u00e9s az \u00e1ll\u00e1saj\u00e1nlatra t\u00f6rt\u00e9n\u0151 jelentkez\u00e9s sor\u00e1n a kapcsolatfelv\u00e9tel. !<\/p>\n<p>Az adatkezel\u00e9s jogalapja:<\/p>\n<p>Az \u00d6n hozz\u00e1j\u00e1rul\u00e1sa, mely e-mail, vagy pap\u00edr alapon k\u00fcld\u00f6tt jelentkez\u00e9s eset\u00e9n v\u00e9lelmezett. A<\/p>\n<p>hozz\u00e1j\u00e1rul\u00e1s\u00e1t b\u00e1rmikor visszavonhatja e-mail, vagy lev\u00e9l \u00fatj\u00e1n. A visszavon\u00e1s nem \u00e9rinti az azt<\/p>\n<p>megel\u0151z\u0151 jogszer\u0171 adatkezel\u00e9st. T\u00e1j\u00e9koztatjuk, hogy az adatok megad\u00e1sa \u00f6nk\u00e9ntes, de hozz\u00e1j\u00e1rul\u00e1s<\/p>\n<p>visszavon\u00e1sa eset\u00e9n, vagy valamely \u00e1ltalunk k\u00e9rt dokumentum, adat hi\u00e1ny\u00e1ban nem tudjuk elb\u00edr\u00e1lni<\/p>\n<p>jelentkez\u00e9s\u00e9t. !<\/p>\n<p>Az adatkezel\u00e9si id\u0151:<\/p>\n<p>A konkr\u00e9t \u00e1ll\u00e1shirdet\u00e9sre jelentkez\u0151k \u00f6n\u00e9letrajzait \u00e9s a jelentkez\u00e9ssel kapcsolatban felt\u00f6lt\u00f6tt\/<\/p>\n<p>megk\u00fcld\u00f6tt szem\u00e9lyes adatokat \u00e9s dokumentumokat az \u00e1ll\u00e1st bet\u00f6lt\u0151 szem\u00e9ly kiv\u00e1laszt\u00e1sa ut\u00e1n az<\/p>\n<p>al\u00e1bbiak szerint kezelj\u00fck:<\/p>\n<p>a sikertelen p\u00e1ly\u00e1z\u00f3t e-mailben va gy pap\u00edralapon megk\u00e9rdezz\u00fck, hogy k\u00edv\u00e1nja-e, hogy az<\/p>\n<p>adatb\u00e1zisunkban tov\u00e1bbi egy \u00e9vig t\u00e1roljuk a jelentkez\u00e9s\u00e9t. Amennyiben 30 napon bel\u00fcl<\/p>\n<p>nemleges v\u00e1lasz \u00e9rkezik, vagy nem \u00e9rkezik v\u00e1lasz, a jelentkez\u00e9st \u00e9s a p\u00e1ly\u00e1z\u00f3 adatait<\/p>\n<p>t\u00f6r\u00f6lj\u00fck a rendszerb\u0151l.<\/p>\n<p>a sikeres p\u00e1ly\u00e1z\u00f3 adatait \u00e1ttessz\u00fck a munkav\u00e1llal\u00f3k adatai k\u00f6z\u00e9, \u00e9s t\u00f6r\u00f6lj\u00fck a jelentkez\u0151k<\/p>\n<p>adatb\u00e1zis\u00e1b\u00f3l.<\/p>\n<p>Az \u00e1ltal\u00e1nos nem konkr\u00e9t \u00e1ll\u00e1shirdet\u00e9sre vonatkoz\u00f3 jelentkez\u00e9sek kezel\u00e9se:<\/p>\n<p>Postai \u00faton, vagy e-mailben eljuttatott jelentkez\u00e9st az adatb\u00e1zisunkban egy \u00e9vig t\u00e1roljuk.<\/p>\n<p>Egy \u00e9v eltelt\u00e9vel az \u00edgy megadott \u00f6n\u00e9letrajz \u00e9s adatok t\u00f6rl\u00e9sre ker\u00fclnek. !<\/p>\n<p>\u00a0<\/p>\n<p>Amennyiben az 1. pontban foglalt b\u00e1rmely jog\u00e1t az \u00edgy megadott adatokkal kapcsolatban k\u00edv\u00e1nja<\/p>\n<p>gyakorolni, vagy egy\u00e9b okb\u00f3l k\u00edv\u00e1n kapcsolatba l\u00e9pni vel\u00fcnk a fenti adatkezel\u00e9s kapcs\u00e1n, k\u00e9rj\u00fck,<\/p>\n<p>jelezze fel\u00e9nk az\u00a0<a href=\"mailto:info@platanrestaurant.hu\">info@platanrestaurant.hu<\/a>\u00a0c\u00edmre k\u00fcld\u00f6tt e-mail, vagy a sz\u00e1lloda posta c\u00edm\u00e9re<\/p>\n<p>k\u00fcld\u00f6tt lev\u00e9l \u00fatj\u00e1n. !<\/p>\n<p>\u00a0<\/p>\n<p><strong>2.16 Szem\u00e9lyzet<\/strong><\/p>\n<p>A jelen t\u00e1j\u00e9koztat\u00f3ban szerepl\u0151 inform\u00e1ci\u00f3k, valamint az 1. pontban ismertetett jogok a Plat\u00e1n<\/p>\n<p>K\u00e1v\u00e9h\u00e1z Kft. alkalmazottaira, valamint az \u0151 adataik kezel\u00e9s\u00e9re is \u00e9rv\u00e9nyesek. !<\/p>\n<p>Alkalmazottainkat k\u00f6zvetlen\u00fcl t\u00e1j\u00e9koztatjuk az Alkalmazotti Adatkezel\u00e9si T\u00e1j\u00e9koztat\u00f3nkban<\/p>\n<p>foglaltakr\u00f3l \u00e9s szem\u00e9lyes adataik kezel\u00e9s\u00e9nek r\u00e9szleteir\u0151l. !<\/p>\n<p>2.16 \u00dczleti kapcsolattart\u00e1s<\/p>\n<p>A legt\u00f6bb c\u00e9ghez hasonl\u00f3an V\u00e1llalatunk is \u00fczleti c\u00e9l\u00fa kapcsolatot tart fenn m\u00e1s szervezetek egyes<\/p>\n<p>alkalmazottjaival, akik nev\u00e9t, \u00fczleti poz\u00edci\u00f3j\u00e1t \u00e9s el\u00e9rhet\u0151s\u00e9gi adatait elt\u00e1roljuk. !<\/p>\n<p>Az adatkezel\u00e9s c\u00e9lja:<\/p>\n<p>Az ilyen adatt\u00e1rol\u00e1st minden esetben az illet\u0151 hozz\u00e1j\u00e1rul\u00e1s\u00e1val, annak \u00e9rdek\u00e9ben v\u00e9gezz\u00fck, hogy<\/p>\n<p>v\u00e1llalataink egy\u00fcttm\u0171k\u00f6d\u00e9s c\u00e9lj\u00e1b\u00f3l kommunik\u00e1lhassanak. !<\/p>\n<p>Az adatkezel\u00e9s jogalapja:<\/p>\n<p>Adatkezel\u00e9si tev\u00e9kenys\u00e9g\u00fcnk jogalapja \u201ea szerz\u0151d\u00e9s teljes\u00edt\u00e9s\u00e9hez, vagy a c\u00e9gek k\u00f6z\u00f6tti<\/p>\n<p>kapcsolattart\u00e1shoz f\u0171z\u0151d\u0151 jogos \u00e9rdek\u201d.<\/p>\n<p>Ezen \u00fczleti kapcsolataink el\u00e9rhet\u0151s\u00e9gi adatait kiz\u00e1r\u00f3lag v\u00e1llalataikkal t\u00f6rt\u00e9n\u0151 \u00fczleti egy\u00fcttm\u0171k\u00f6d\u00e9s<\/p>\n<p>kialak\u00edt\u00e1s\u00e1nak \u00e9s fenntart\u00e1s\u00e1nak megk\u00f6nny\u00edt\u00e9se c\u00e9lj\u00e1b\u00f3l t\u00e1roljuk. Nem v\u00e9gz\u00fcnk p\u00e9ld\u00e1ul<\/p>\n<p>marketingtev\u00e9kenys\u00e9get ezen kapcsolattart\u00f3k fel\u00e9 adataik felhaszn\u00e1l\u00e1s\u00e1val, \u00e9s azokat nem<\/p>\n<p>tov\u00e1bb\u00edtjuk harmadik feleknek. !<\/p>\n<p>Az adatkezel\u00e9si id\u0151:<\/p>\n<p>Az \u00fczleti kapcsolataink el\u00e9rhet\u0151s\u00e9gi adatait legal\u00e1bb \u00e9vente ellen\u0151rizz\u00fck, \u00e9s elt\u00e1vol\u00edtjuk a<\/p>\n<p>rendszerb\u0151l azokat, amelyek m\u00e1r nem id\u0151szer\u0171ek. !<\/p>\n<p>A fentiekkel azonos m\u00f3don j\u00e1runk el a sajt\u00f3 k\u00e9pvisel\u0151inek szem\u00e9lyes adatai kezel\u00e9se sor\u00e1n. !<\/p>\n<p>3) Jogi hivatkoz\u00e1sok (az el\u00e9rhet\u0151s\u00e9geket is bele\u00e9rtve)<\/p>\n<p>Az \u00e1ltala haszn\u00e1lt szem\u00e9lyes adatok adatkezel\u0151jek\u00e9nt a Plat\u00e1n k\u00e1v\u00e9h\u00e1z Kft., a GDPR \u00e9rtelm\u00e9ben,<\/p>\n<p>k\u00f6teles hivatalos nev\u00e9r\u0151l, el\u00e9rhet\u0151s\u00e9geir\u0151l \u00e9s egy\u00e9b adatair\u00f3l t\u00e1j\u00e9koztat\u00e1st k\u00f6zz\u00e9tenni. Ez a r\u00e9sz a<\/p>\n<p>GDPR \u00e1ltal el\u0151\u00edrt minden inform\u00e1ci\u00f3t tartalmaz.<\/p>\n<p>A Plat\u00e1n Tata egys\u00e9geit \u00fczemeltet\u0151 jogi szem\u00e9lyek teljes<\/p>\n<p>hivatalos neve:<\/p>\n<p>Teljes hivatalos n\u00e9v: Plat\u00e1n K\u00e1v\u00e9h\u00e1z Vend\u00e9gl\u00e1t\u00f3ipari Korl\u00e1tolt Felel\u0151ss\u00e9g\u0171 T\u00e1rsas\u00e1g<\/p>\n<p>R\u00f6vid\u00edtett n\u00e9v: Plat\u00e1n K\u00e1v\u00e9h\u00e1z Kft.<\/p>\n<p>Sz\u00e9khely: 2890 Tata, Kast\u00e9ly t\u00e9r 6.<\/p>\n<p>Levelez\u00e9si c\u00edm: 2890 Tata, Kast\u00e9ly t\u00e9r 6.<\/p>\n<p>C\u00e9gb\u00edr\u00f3s\u00e1g:<\/p>\n<p>C\u00e9gjegyz\u00e9ksz\u00e1m: 11 09 014311<\/p>\n<p>Ad\u00f3sz\u00e1m: 14463259211<\/p>\n<p>K\u00e9pviselet\u00e9ben elj\u00e1r: Szeles L\u00e1szl\u00f3 \u2013 \u00dcgyvezet\u0151<\/p>\n<p>Adatv\u00e9delem\u00e9rt felel\u0151s: Szeles L\u00e1szl\u00f3 \u2013 \u00dcgyvezet\u0151<\/p>\n<p>Telefonsz\u00e1m:\u00a0+36 34 380 564<\/p>\n<p>E-mail c\u00edme:\u00a0<a href=\"mailto:info@platanrestaurant.hu\">info@platanrestaurant.hu<\/a><\/p>\n<p>Tev\u00e9kenys\u00e9g: \u00c9ttermi, mozg\u00f3 vend\u00e9gl\u00e1t\u00e1s<\/p>\n<p>A Plat\u00e1n K\u00e1v\u00e9h\u00e1z Kft. \u00e1ltal \u00fczemeltetett Vend\u00e9gh\u00e1z \u00e9s \u00c9tterem !<\/p>\n<p>Az egys\u00e9gek (marketing) nevei: Plat\u00e1n Tata \/ Plat\u00e1n Udvarh\u00e1z \u00e9s Plat\u00e1n Utca, Plat\u00e1n Gourmet \u00c9tterem, Plat\u00e1n Bisztr\u00f3, Plat\u00e1n Kioszk, Plat\u00e1n P\u00e9k<\/p>\n<p>C\u00edme: 2890 Tata, Kast\u00e9ly t\u00e9r 6.<\/p>\n<p>Telefon: +36 30 444 9055<\/p>\n\t\t\t\t\t\t\t\t<\/div>\n\t\t\t\t<\/div>\n\t\t\t\t\t<\/div>\n\t\t\t\t<\/div>\n\t\t\t\t<\/div>","protected":false},"excerpt":{"rendered":"<p>Vissza ADATV\u00c9DELMI T\u00c1J\u00c9KOZTAT\u00d3 Utols\u00f3 friss\u00edt\u00e9s: 2025. november 6. A jelen Adatkezel\u00e9si T\u00e1j\u00e9koztat\u00f3 azt tartalmazza, hogy a Plat\u00e1n Tata egys\u00e9geit \u00fczemeltet\u0151 Plat\u00e1n K\u00e1v\u00e9h\u00e1z Kft. hogyan haszn\u00e1lja \u00e9s v\u00e9di az \u00d6n szem\u00e9lyes adatait. A Plat\u00e1n K\u00e1v\u00e9h\u00e1z Kft. azon szem\u00e9lyes adatok adatkezel\u0151je, amelyeket vend\u00e9geink vagy leend\u0151 vend\u00e9geink bocs\u00e1tanak rendelkez\u00e9s\u00fcnkre, amikor a weboldalt haszn\u00e1lj\u00e1k, valamint szem\u00e9lyek egy\u00e9b csoportjai eset\u00e9ben, [&hellip;]<\/p>","protected":false},"author":1,"featured_media":0,"parent":0,"menu_order":0,"comment_status":"closed","ping_status":"closed","template":"elementor_canvas","meta":{"footnotes":""},"class_list":["post-3","page","type-page","status-publish","hentry"],"_links":{"self":[{"href":"https:\/\/platanbisztro.hu\/en\/wp-json\/wp\/v2\/pages\/3","targetHints":{"allow":["GET"]}}],"collection":[{"href":"https:\/\/platanbisztro.hu\/en\/wp-json\/wp\/v2\/pages"}],"about":[{"href":"https:\/\/platanbisztro.hu\/en\/wp-json\/wp\/v2\/types\/page"}],"author":[{"embeddable":true,"href":"https:\/\/platanbisztro.hu\/en\/wp-json\/wp\/v2\/users\/1"}],"replies":[{"embeddable":true,"href":"https:\/\/platanbisztro.hu\/en\/wp-json\/wp\/v2\/comments?post=3"}],"version-history":[{"count":16,"href":"https:\/\/platanbisztro.hu\/en\/wp-json\/wp\/v2\/pages\/3\/revisions"}],"predecessor-version":[{"id":1818,"href":"https:\/\/platanbisztro.hu\/en\/wp-json\/wp\/v2\/pages\/3\/revisions\/1818"}],"wp:attachment":[{"href":"https:\/\/platanbisztro.hu\/en\/wp-json\/wp\/v2\/media?parent=3"}],"curies":[{"name":"wp","href":"https:\/\/api.w.org\/{rel}","templated":true}]}}