{"id":1451,"date":"2024-12-20T12:19:23","date_gmt":"2024-12-20T11:19:23","guid":{"rendered":"https:\/\/platanbisztro.hu\/?page_id=1451"},"modified":"2024-12-20T12:20:38","modified_gmt":"2024-12-20T11:20:38","slug":"altalanos-szerzodesi-feltetelek","status":"publish","type":"page","link":"https:\/\/platanbisztro.hu\/en\/altalanos-szerzodesi-feltetelek\/","title":{"rendered":"\u00c1ltal\u00e1nos Szerz\u0151d\u00e9si felt\u00e9telek"},"content":{"rendered":"<div data-elementor-type=\"wp-page\" data-elementor-id=\"1451\" class=\"elementor elementor-1451\" data-elementor-post-type=\"page\">\n\t\t\t\t<div class=\"elementor-element elementor-element-3e5c601 e-flex e-con-boxed e-con e-parent\" data-id=\"3e5c601\" data-element_type=\"container\" data-settings=\"{&quot;background_background&quot;:&quot;classic&quot;}\">\n\t\t\t\t\t<div class=\"e-con-inner\">\n\t\t<div class=\"elementor-element elementor-element-8cd1b25 e-con-full e-flex e-con e-child\" data-id=\"8cd1b25\" data-element_type=\"container\" data-settings=\"{&quot;background_background&quot;:&quot;video&quot;}\">\n\t\t\t\t<div class=\"elementor-element elementor-element-3fede91 elementor-mobile-align-justify elementor-align-left elementor-widget__width-auto elementor-widget-mobile__width-inherit elementor-widget elementor-widget-button\" data-id=\"3fede91\" data-element_type=\"widget\" data-widget_type=\"button.default\">\n\t\t\t\t<div class=\"elementor-widget-container\">\n\t\t\t\t\t\t\t\t\t<div class=\"elementor-button-wrapper\">\n\t\t\t\t\t<a class=\"elementor-button elementor-button-link elementor-size-sm\" href=\"https:\/\/platanbisztro.hu\/en\/\">\n\t\t\t\t\t\t<span class=\"elementor-button-content-wrapper\">\n\t\t\t\t\t\t\t\t\t<span class=\"elementor-button-text\">Back<\/span>\n\t\t\t\t\t<\/span>\n\t\t\t\t\t<\/a>\n\t\t\t\t<\/div>\n\t\t\t\t\t\t\t\t<\/div>\n\t\t\t\t<\/div>\n\t\t\t\t<div class=\"elementor-element elementor-element-90572e4 elementor-widget elementor-widget-spacer\" data-id=\"90572e4\" data-element_type=\"widget\" data-widget_type=\"spacer.default\">\n\t\t\t\t<div class=\"elementor-widget-container\">\n\t\t\t\t\t\t\t<div class=\"elementor-spacer\">\n\t\t\t<div class=\"elementor-spacer-inner\"><\/div>\n\t\t<\/div>\n\t\t\t\t\t\t<\/div>\n\t\t\t\t<\/div>\n\t\t\t\t<div class=\"elementor-element elementor-element-e139129 elementor-widget elementor-widget-heading\" data-id=\"e139129\" data-element_type=\"widget\" data-widget_type=\"heading.default\">\n\t\t\t\t<div class=\"elementor-widget-container\">\n\t\t\t\t\t<h2 class=\"elementor-heading-title elementor-size-default\">\u00c1ltal\u00e1nos Szerz\u0151d\u00e9si felt\u00e9telek<\/h2>\t\t\t\t<\/div>\n\t\t\t\t<\/div>\n\t\t\t\t<\/div>\n\t\t\t\t\t<\/div>\n\t\t\t\t<\/div>\n\t\t<div class=\"elementor-element elementor-element-1506fc5e e-flex e-con-boxed e-con e-parent\" data-id=\"1506fc5e\" data-element_type=\"container\">\n\t\t\t\t\t<div class=\"e-con-inner\">\n\t\t\t\t<div class=\"elementor-element elementor-element-7888a8ca elementor-widget elementor-widget-text-editor\" data-id=\"7888a8ca\" data-element_type=\"widget\" data-widget_type=\"text-editor.default\">\n\t\t\t\t<div class=\"elementor-widget-container\">\n\t\t\t\t\t\t\t\t\t\n<h3 class=\"wp-block-heading\">V\u00e1r\u00e1rok Vend\u00e9gh\u00e1z \u2013 Bejeletkez\u00e9si felt\u00e9telek<\/h3>\n<h3>Bejelentkez\u00e9s \u00e9s kijelentkez\u00e9s<\/h3>\n<p>A sz\u00e1ll\u00e1shelyet \u00e9s szolg\u00e1ltat\u00e1sait az \u00e9rkez\u00e9s napj\u00e1n 14 \u00f3r\u00e1t\u00f3l lehet elfoglalni \u00e9s az elutaz\u00e1s napj\u00e1n 10 \u00f3r\u00e1ig k\u00e9rj\u00fck elhagyni. Elt\u00e9r\u0151 ig\u00e9ny eset\u00e9n k\u00e9rj\u00fck, vegy\u00e9k fel a kapcsolatot a recepci\u00f3val.<\/p>\n<p>A sz\u00e1lloda a lefoglalt sz\u00e1ll\u00e1shelyet az \u00e9rkez\u00e9s napj\u00e1n 19 \u00f3r\u00e1ig tartja fenn, ezut\u00e1n jogosult annak \u00e9rt\u00e9kes\u00edt\u00e9s\u00e9re.<\/p>\n<p>A sz\u00e1ll\u00e1shely elfoglal\u00e1sakor bejelent\u0151lapot k\u00e9r\u00fcnk kit\u00f6lteni, amely a k\u00f6vetkez\u0151 adatokat tartalmazza:<\/p>\n<ul>\n<li>szem\u00e9lyes adatok: (feln\u0151tt vend\u00e9gekn\u00e9l n\u00e9v, lakc\u00edm, sz\u00fcl. hely \u00e9s id\u0151, \u00fatlev\u00e9l vagy szem.<\/li>\n<\/ul>\n<ol>\n<li>sz\u00e1m; gyermekekn\u00e9l n\u00e9v, sz\u00fcl. hely \u00e9s id\u0151)<\/li>\n<\/ol>\n<ul>\n<li>vend\u00e9gek sz\u00e1ma<\/li>\n<li>banksz\u00e1mlasz\u00e1m biztos\u00edt\u00e9kk\u00e9nt<\/li>\n<li>a vend\u00e9g j\u00e1rm\u0171v\u00e9nek rendsz\u00e1ma<\/li>\n<li>\u00e9rkez\u00e9s \u00e9s elutaz\u00e1s napja<\/li>\n<li>1 db \u00e9rv\u00e9nyes e-mail c\u00edm<\/li>\n<li>a foglal\u00e1ssal l\u00e9trej\u00f6tt anyagi felel\u0151ss\u00e9g, felt\u00e9telek, h\u00e1zirendek elfogad\u00e1sa<\/li>\n<li>al\u00e1\u00edr\u00e1s<\/li>\n<\/ul>\n<p>Felh\u00edvjuk kedves vend\u00e9geink figyelm\u00e9t, hogy a sz\u00e1llod\u00e1ban ig\u00e9nybevett szolg\u00e1ltat\u00e1sok \u00e9s as z\u00e1ll\u00e1sd\u00edj [visszaigazolt v\u00e9g\u00f6sszeg] ut\u00e1ni anyagi felel\u0151ss\u00e9g a bejelent\u0151lap pontos kit\u00f6lt\u00e9s\u00e9t\u0151l \u00e9s a vend\u00e9g \u00e1ltali al\u00e1\u00edr\u00e1s\u00e1t\u00f3l f\u00fcggetlen\u00fcl, a sz\u00e1ll\u00e1shely elfoglal\u00e1s\u00e1t\u00f3l fenn \u00e1ll.<\/p>\n<p>A sz\u00e1ll\u00e1shely elfoglal\u00e1s\u00e1nak a vend\u00e9g r\u00e9sz\u00e9re t\u00f6rt\u00e9nt kulcs\u00e1tad\u00e1s min\u0151s\u00fcl.<\/p>\n<p>K\u00e9sei kijelentkez\u00e9s felmer\u00fcl\u00e9se eset\u00e9n vend\u00e9geinknek 12 \u00f3r\u00e1ig nincs t\u00f6bbletk\u00f6lts\u00e9ge. Abban az esetben, ha tov\u00e1bb k\u00edv\u00e1nnak maradni vend\u00e9geink szob\u00e1ikban, a recepci\u00f3val t\u00f6rt\u00e9nt egyeztet\u00e9s ut\u00e1n lehet\u0151s\u00e9g\u00fck van szob\u00e1jukat megtartani. Ennek t\u00f6bbletk\u00f6lts\u00e9ge 16 \u00f3r\u00e1ig 1 \u00e9jszaka \u00e1r\u00e1nak 50%-a, 16 \u00f3ra ut\u00e1n az aznapi \u00e9jszaka teljes \u00e1r\u00e1t k\u00f6teles a vend\u00e9gh\u00e1zban t\u00f6lt\u00f6tt \u00e9jszak\u00e1kon fel\u00fcl kifizetni.<\/p>\n<h4>Foglal\u00e1s m\u00f3dos\u00edt\u00e1sa<\/h4>\n<p>Vend\u00e9gh\u00e1zunk \u00e1ltal visszaigazolt foglal\u00e1sok m\u00f3dos\u00edt\u00e1s\u00e1ra nincs lehet\u0151s\u00e9g, ha a vend\u00e9g m\u00f3dos\u00edtani k\u00edv\u00e1n a visszaigazolt foglal\u00e1son, akkor el\u0151sz\u00f6r le kell mondania a szob\u00e1t, melyre a lemond\u00e1si felt\u00e9teleink vonatkoznak, majd egy \u00faj aj\u00e1nlatot k\u00e9rnie \u00e9s az \u00faj aj\u00e1nlatot elfogadnia.<\/p>\n<p>Aj\u00e1nlataink tartalm\u00e1n sem tudunk v\u00e1ltoztatni, a visszaigazolt szolg\u00e1ltat\u00e1sok nem cser\u00e9lhet\u0151ek el, azok esetleges fel nem haszn\u00e1l\u00e1sa nem cs\u00f6kkenti a v\u00e9g\u00f6sszeget. A szolg\u00e1ltat\u00e1sok nem \u00e1truh\u00e1zhat\u00f3ak, szob\u00e1nk\u00e9nt \u00e9rtend\u0151ek \u00e9s haszn\u00e1lhat\u00f3ak fel.<\/p>\n<p>K\u00e9rj\u00fck, sz\u00edveskedjenek az extra szolg\u00e1ltat\u00e1sokra legk\u00e9s\u0151bb a bejelentkez\u00e9skor \u2013 vagy ak\u00e1r 72 \u00f3r\u00e1val \u00e9rkez\u00e9s el\u0151tt \u2013 id\u0151pontot foglalni.<\/p>\n<h4>Lemond\u00e1si felt\u00e9telek<\/h4>\n<p>A megk\u00fcld\u00f6tt aj\u00e1nlatban jelzettek alapj\u00e1n a szoba foglal\u00e1sa abban az esetben garant\u00e1lt, amennyiben a foglal\u00f3 kifizet\u00e9sre ker\u00fclt. A foglal\u00f3 \u00f6sszege a kiaj\u00e1nlott sz\u00e1ll\u00e1sk\u00f6lts\u00e9g 50%-a, melyet k\u00e9rj\u00fck, hogy a megadott sz\u00e1mlasz\u00e1mra sz\u00edveskedjenek \u00e1tutalni.<\/p>\n<p>A foglal\u00f3val meger\u0151s\u00edtett foglal\u00e1sok lemond\u00e1sa eset\u00e9n az al\u00e1bbi szab\u00e1lyok \u00e9rv\u00e9nyesek.<\/p>\n<p>Amennyiben a vend\u00e9g az \u00e9rkez\u00e9si napot megel\u0151z\u0151en legal\u00e1bb 7 nappal kor\u00e1bban \u00edr\u00e1sban lemondja a foglal\u00e1s\u00e1t, a befizetett foglal\u00f3 teljes \u00f6sszege visszautal\u00e1sra ker\u00fcl, illetve a lemondott foglal\u00e1s id\u0151pontj\u00e1t k\u00f6vet\u0151 1 \u00e9ven bel\u00fcl felhaszn\u00e1lhat\u00f3 legal\u00e1bb ugyanolyan \u00e9rt\u00e9k\u0171 foglal\u00e1s\u00e1n\u00e1l.<\/p>\n<p>A vend\u00e9g az \u00e1ltala befizetett foglal\u00f3t teh\u00e1t nem veszti el!<\/p>\n<p>Amennyiben a vend\u00e9g nem \u00e9l a fentiek szerinti lemond\u00e1s lehet\u0151s\u00e9g\u00e9vel, \u00e9s nem jelenik meg a lefoglalt id\u0151szakban, 1 \u00e9jszaka teljes \u00e1r\u00e1nak kifizet\u00e9s\u00e9re k\u00f6teles.<\/p>\n<p>Aj\u00e1nd\u00e9kutalv\u00e1nnyal t\u00f6rt\u00e9n\u0151 foglal\u00e1sokra a foglal\u00f3 fizet\u00e9s\u00e9vel garant\u00e1lt lemond\u00e1si felt\u00e9telek \u00e9rv\u00e9nyesek, az aj\u00e1nd\u00e9kutalv\u00e1ny teljes \u00f6sszeg\u00e9t foglal\u00f3k\u00e9nt kezelj\u00fck. Aj\u00e1nd\u00e9kutalv\u00e1nnyal t\u00f6rt\u00e9n\u0151 foglal\u00e1s eset\u00e9n a szoba az \u00e9rkez\u00e9st megel\u0151z\u0151 7 nappal, \u00edr\u00e1sban m\u00f3dos\u00edthat\u00f3.<\/p>\n<h4>Csoportos, t\u00f6bb szob\u00e1ra vonatkoz\u00f3 felt\u00e9telek<\/h4>\n<p>A vend\u00e9gh\u00e1z minden foglal\u00e1sra ugyanezen felt\u00e9teleit \u00e9rv\u00e9nyes\u00edtheti, amely a vend\u00e9gh\u00e1z \u00e1ltal ny\u00fajtott minden fajta szolg\u00e1ltat\u00e1sra is egyar\u00e1nt vonatkozik. 4, vagy t\u00f6bb szoba egy\u00fcttes foglal\u00e1sa eset\u00e9n a V\u00e1r\u00e1rok Vend\u00e9gh\u00e1z szob\u00e1nk\u00e9nti foglal\u00f3t k\u00e9r automatikusan, amelynek \u00f6sszege az id\u0151szakt\u00f3l \u00e9s a szob\u00e1k sz\u00e1m\u00e1t\u00f3l f\u00fcgg\u0151en ker\u00fcl meghat\u00e1roz\u00e1sra, valamint k\u00e9ri az \u00f6sszes vend\u00e9g adatainak megad\u00e1s\u00e1t az \u00e9rkez\u00e9st megel\u0151z\u0151en (n\u00e9v, sz\u00fclet\u00e9si hely \u00e9s id\u0151, lakc\u00edm).<\/p>\n<h4>Egy\u00e9b rendelkez\u00e9sek<\/h4>\n<p>Vend\u00e9gh\u00e1zunk fenntartja a jogot, hogy indok n\u00e9lk\u00fcl is v\u00e1ltoztathat a visszaigazolt foglal\u00e1s tartalm\u00e1n. A programv\u00e1ltoz\u00e1s jog\u00e1t fenntartjuk.<\/p>\n<p>A vend\u00e9gh\u00e1z k\u00f6z\u00f6s haszn\u00e1lat\u00fa terei (pl.jacuzzi, szauna, als\u00f3 \u00e9s fels\u0151 terasz, parkol\u00f3) a szabad kapacit\u00e1s \u00e9s f\u00e9r\u0151helyek szerint haszn\u00e1lhat\u00f3ak. A sz\u00e1ll\u00f3vend\u00e9gek r\u00e9sz\u00e9re e tereinkben kiz\u00e1r\u00f3lagos haszn\u00e1latot nem tudunk biztos\u00edtani.<\/p>\n<p>A V\u00e1r\u00e1rok Vend\u00e9gh\u00e1z fenntartja a jogot, hogy az \u00e9v b\u00e1rmely napj\u00e1n, el\u0151zetes \u00e9rtes\u00edt\u00e9s n\u00e9lk\u00fcl is karbantart\u00e1si, jav\u00edt\u00e1si munk\u00e1latokat v\u00e9gezzen az \u00e9p\u00fcletben. A vend\u00e9gh\u00e1z lehet\u0151s\u00e9g szerint miel\u0151bb elv\u00e9gzi e feladatait, amelyek zajhat\u00e1ssal is j\u00e1rhatnak. Az esetleges kellemetlen hat\u00e1sok miatt a vend\u00e9gh\u00e1zat nem terheli k\u00e1rt\u00e9r\u00edt\u00e9si k\u00f6telezetts\u00e9g vend\u00e9gei fel\u00e9.<\/p>\n<p>A V\u00e1r\u00e1rok Vend\u00e9gh\u00e1z jogosult a sz\u00e1ll\u00e1sszolg\u00e1ltat\u00e1sra vonatkoz\u00f3 szerz\u0151d\u00e9st azonnali hat\u00e1llyal felmondani, vagy a szolg\u00e1ltat\u00e1s ny\u00fajt\u00e1s\u00e1t megtagadni, ha:<\/p>\n<ul>\n<li>a vend\u00e9g nem rendeltet\u00e9sszer\u0171en haszn\u00e1lja a rendelkez\u00e9s\u00e9re bocs\u00e1tott szob\u00e1t, illetve a szolg\u00e1ltat\u00f3 \u00e1ltal biztos\u00edtott szolg\u00e1ltat\u00e1sokat \u00e9s\/vagy az azok biztos\u00edt\u00e1s\u00e1ra szolg\u00e1l\u00f3 helyis\u00e9geket nem rendeltet\u00e9sszer\u0171en haszn\u00e1lja,<\/li>\n<li>a vend\u00e9g a vend\u00e9gh\u00e1z h\u00e1zirendj\u00e9t megzavarja, \u00e9s a zavar\u00f3 magatart\u00e1st felsz\u00f3l\u00edt\u00e1s ellen\u00e9re sem hagyja abba,<\/li>\n<li>a vend\u00e9g nem tartja be a vend\u00e9gh\u00e1z biztons\u00e1gi szab\u00e1lyzat\u00e1t \u2013 pl.: tiltott helyen doh\u00e1nyzik \u00e9s azt a felsz\u00f3l\u00edt\u00e1s ellen\u00e9re sem hagyja abba,<\/li>\n<li>a vend\u00e9g a sz\u00e1lloda alkalmazottaival, vagy vend\u00e9geivel kifog\u00e1solhat\u00f3 m\u00f3don, durv\u00e1n viselkedik, alkohol, vagy k\u00e1b\u00edt\u00f3szer befoly\u00e1sa alatt \u00e1ll, fenyeget\u0151, s\u00e9rt\u0151, vagy m\u00e1s elfogadhatatlan magatart\u00e1st tan\u00fas\u00edt,<\/li>\n<li>a vend\u00e9g fert\u0151z\u0151, vagy olyan betegs\u00e9gben szenved, amely zavarja a t\u00f6bbi vend\u00e9g nyugalm\u00e1t,<\/li>\n<li>a szerz\u0151d\u0151 f\u00e9l, vagy a vend\u00e9g a V\u00e1r\u00e1rok Vend\u00e9gh\u00e1z \u00e1ltal ig\u00e9nyelt fizet\u00e9si k\u00f6telezetts\u00e9g\u00e9t a szolg\u00e1ltat\u00f3 \u00e1ltal meghat\u00e1rozott id\u0151pontig nem teljes\u00edti.<\/li>\n<\/ul>\n<h4>Fontosabb h\u00e1zirend szab\u00e1lyok<\/h4>\n<ul>\n<li>Cs\u00fasz\u00e1svesz\u00e9ly: Azon helyis\u00e9geink, ahol a legkisebb mennyis\u00e9g\u0171, vagy fr\u00f6ccsen\u0151 v\u00edz el\u0151fordul\u00e1si es\u00e9lye is felmer\u00fcl, fokozottan cs\u00fasz\u00e1svesz\u00e9lyesek. A vend\u00e9gh\u00e1z nem k\u00f6teles erre figyelmeztet\u0151 t\u00e1bl\u00e1t kihelyezni, a vend\u00e9gek saj\u00e1t felel\u0151ss\u00e9ge, hogy \u00fcgyeljenek testi \u00e9ps\u00e9g\u00fckre.<\/li>\n<li>Doh\u00e1nyz\u00e1s: Sz\u00e1llod\u00e1nk nemdoh\u00e1nyz\u00f3, doh\u00e1nyz\u00e1sra kijel\u00f6lt hely: bej\u00e1ratt\u00f3l min. 5 m t\u00e1vols\u00e1gra. A kijel\u00f6lt helyen k\u00edv\u00fcl doh\u00e1nyz\u00f3 vend\u00e9g 30.000 Ft\/alkalom d\u00edjat k\u00f6teles t\u00e9r\u00edteni.<\/li>\n<li>\u00c9tterem: Alkalomhoz ill\u0151 ruhaviselet k\u00f6telez\u0151. F\u00fcrd\u0151k\u00f6nt\u00f6sben, f\u00fcrd\u0151ruh\u00e1ban \u00e9tterm\u00fcnkben nem tart\u00f3zkodhatnak.<\/li>\n<li>H\u00e1zi\u00e1llat: H\u00e1zi kedvencek \u00e9rkez\u00e9se minden esetben el\u0151zetes egyeztet\u00e9st ig\u00e9nyel a<\/li>\n<\/ul>\n<h4>Vend\u00e9gh\u00e1z menedzser\u00e9vel.<\/h4>\n<ul>\n<li>Ne zavarjanak t\u00e1bla: A sz\u00e1lloda fenntartja a jogot, hogy ha \u00fagy \u00edt\u00e9li meg, ak\u00e1r indok n\u00e9lk\u00fcl is a \u201cNe zavarjanak\u201d t\u00e1bla szoba ajt\u00f3ra t\u00f6rt\u00e9n\u0151 k\u00fcls\u0151 kihelyez\u00e9se ellen\u00e9re is kinyissa a vend\u00e9g szob\u00e1j\u00e1nak ajtaj\u00e1t.<\/li>\n<li>Parkol\u00e1s: A vend\u00e9gh\u00e1z ter\u00fclet\u00e9n, k\u00f6zvetlen az \u00e9p\u00fclet mellett tal\u00e1lhat\u00f3. Vend\u00e9geink r\u00e9sz\u00e9re nyitott ker\u00e9kp\u00e1rt\u00e1rol\u00f3val is rendelkez\u00fcnk. Parkol\u00e1si rend \u00e9s a Kresz szab\u00e1lyai \u00e9rv\u00e9nyesek.<\/li>\n<li>Szauna \u00e9s jacuzzi: 12 \u00e9v feletti vend\u00e9geink r\u00e9sz\u00e9re, 12 \u00e9v alatt feln\u0151tt fel\u00fcgyelete mellett enged\u00e9lyezett.<\/li>\n<li>Vend\u00e9gek fogad\u00e1sa: bejelent\u00e9se el\u0151re k\u00f6telez\u0151 a Recepci\u00f3n. Szolg\u00e1ltat\u00e1sainkat nem k\u00edn\u00e1ljuk k\u00fcls\u0151 Vend\u00e9geknek (t\u00e9r\u00edt\u00e9s ellen\u00e9ben sem).<\/li>\n<li>A vend\u00e9g adatainak kezel\u00e9se: Alapvet\u0151en a vend\u00e9gh\u00e1z nem adja ki harmadik f\u00e9lnek a vend\u00e9gek adatait.<\/li>\n<\/ul>\n<h4>A vend\u00e9g k\u00f6telezetts\u00e9gei:<\/h4>\n<ul>\n<li>A vend\u00e9g k\u00f6teles a szerz\u0151d\u00e9sben megrendelt szolg\u00e1ltat\u00e1sok ellen\u00e9rt\u00e9k\u00e9t legk\u00e9s\u0151bb a szerz\u0151d\u00e9sben meghat\u00e1rozott m\u00f3don \u00e9s id\u0151pontig a szolg\u00e1ltat\u00f3 r\u00e9sz\u00e9re kiegyenl\u00edteni.<\/li>\n<li>A vend\u00e9g k\u00f6teles gondoskodni arr\u00f3l, hogy a fel\u00fcgyelete al\u00e1 tartoz\u00f3 kiskor\u00faak folyamatosan feln\u0151tt fel\u00fcgyelete alatt tart\u00f3zkodjanak a szolg\u00e1ltat\u00f3 sz\u00e1llod\u00e1j\u00e1ban.<\/li>\n<li>A vend\u00e9g k\u00f6teles az \u0151t \u00e9rt k\u00e1rt halad\u00e9ktalanul jelenteni a vend\u00e9gh\u00e1z recepci\u00f3j\u00e1n \u00e9s minden sz\u00fcks\u00e9ges adatot a vend\u00e9gh\u00e1z rendelkez\u00e9s\u00e9re bocs\u00e1tani, amely ahhoz sz\u00fcks\u00e9ges, hogy a k\u00e1reset k\u00f6r\u00fclm\u00e9nyei tiszt\u00e1zhat\u00f3ak lehessenek, illetve amelyek egy esetleges szab\u00e1lys\u00e9rt\u00e9si, vagy b\u00fcntet\u0151 elj\u00e1r\u00e1shoz sz\u00fcks\u00e9gesek.<\/li>\n<\/ul>\n<h4>A vend\u00e9g k\u00e1rt\u00e9r\u00edt\u00e9si felel\u0151ss\u00e9ge:<\/h4>\n<ul>\n<li>a vend\u00e9g k\u00f6teles mindazon k\u00e1rok\u00e9rt helyt\u00e1llni, amelyeket a V\u00e1r\u00e1rok Vend\u00e9gh\u00e1z, vagy harmadik szem\u00e9ly elszenved a vend\u00e9g, vagy k\u00eds\u00e9r\u0151je, vagy e szem\u00e9lyek b\u00e1rmelyik\u00e9nek fel\u00fcgyelete al\u00e1 tartoz\u00f3 szem\u00e9lyek miatt.<\/li>\n<li>a vend\u00e9g k\u00e1rt\u00e9r\u00edt\u00e9si k\u00f6telezetts\u00e9ge akkor is fenn\u00e1ll, ha a k\u00e1rosult k\u00e1r\u00e1nak megt\u00e9r\u00edt\u00e9s\u00e9t k\u00f6zvetlen\u00fcl a Vend\u00e9gh\u00e1z jogosult k\u00f6vetelni.<\/li>\n<\/ul>\n<p>A Felek az elsz\u00e1ll\u00e1sol\u00e1si szerz\u0151d\u00e9sb\u0151l ered\u0151 vit\u00e1ikat minden esetben megk\u00eds\u00e9rlik b\u00e9k\u00e9s \u00faton rendezni. A honlapon megtal\u00e1lhat\u00f3 foglal\u00e1si \u00e9s lemond\u00e1si felt\u00e9telek \u00e9s a recepci\u00f3n megtal\u00e1lhat\u00f3 \u00edrott foglal\u00e1si \u00e9s lemond\u00e1si felt\u00e9telek k\u00fcl\u00f6nb\u00f6z\u0151s\u00e9ge eset\u00e9n minden esetben a recepci\u00f3n megtal\u00e1lhat\u00f3 felt\u00e9telek \u00e9rv\u00e9nyesek. Vit\u00e1s esetben a vend\u00e9g r\u00e9sz\u00e9re ingyenesen biztos\u00edtunk m\u00e1solatot.<\/p>\n\t\t\t\t\t\t\t\t<\/div>\n\t\t\t\t<\/div>\n\t\t\t\t\t<\/div>\n\t\t\t\t<\/div>\n\t\t\t\t<\/div>","protected":false},"excerpt":{"rendered":"<p>Vissza \u00c1ltal\u00e1nos Szerz\u0151d\u00e9si felt\u00e9telek V\u00e1r\u00e1rok Vend\u00e9gh\u00e1z \u2013 Bejeletkez\u00e9si felt\u00e9telek Bejelentkez\u00e9s \u00e9s kijelentkez\u00e9s A sz\u00e1ll\u00e1shelyet \u00e9s szolg\u00e1ltat\u00e1sait az \u00e9rkez\u00e9s napj\u00e1n 14 \u00f3r\u00e1t\u00f3l lehet elfoglalni \u00e9s az elutaz\u00e1s napj\u00e1n 10 \u00f3r\u00e1ig k\u00e9rj\u00fck elhagyni. Elt\u00e9r\u0151 ig\u00e9ny eset\u00e9n k\u00e9rj\u00fck, vegy\u00e9k fel a kapcsolatot a recepci\u00f3val. A sz\u00e1lloda a lefoglalt sz\u00e1ll\u00e1shelyet az \u00e9rkez\u00e9s napj\u00e1n 19 \u00f3r\u00e1ig tartja fenn, ezut\u00e1n jogosult [&hellip;]<\/p>","protected":false},"author":1,"featured_media":0,"parent":0,"menu_order":0,"comment_status":"closed","ping_status":"closed","template":"elementor_canvas","meta":{"footnotes":""},"class_list":["post-1451","page","type-page","status-publish","hentry"],"_links":{"self":[{"href":"https:\/\/platanbisztro.hu\/en\/wp-json\/wp\/v2\/pages\/1451","targetHints":{"allow":["GET"]}}],"collection":[{"href":"https:\/\/platanbisztro.hu\/en\/wp-json\/wp\/v2\/pages"}],"about":[{"href":"https:\/\/platanbisztro.hu\/en\/wp-json\/wp\/v2\/types\/page"}],"author":[{"embeddable":true,"href":"https:\/\/platanbisztro.hu\/en\/wp-json\/wp\/v2\/users\/1"}],"replies":[{"embeddable":true,"href":"https:\/\/platanbisztro.hu\/en\/wp-json\/wp\/v2\/comments?post=1451"}],"version-history":[{"count":3,"href":"https:\/\/platanbisztro.hu\/en\/wp-json\/wp\/v2\/pages\/1451\/revisions"}],"predecessor-version":[{"id":1454,"href":"https:\/\/platanbisztro.hu\/en\/wp-json\/wp\/v2\/pages\/1451\/revisions\/1454"}],"wp:attachment":[{"href":"https:\/\/platanbisztro.hu\/en\/wp-json\/wp\/v2\/media?parent=1451"}],"curies":[{"name":"wp","href":"https:\/\/api.w.org\/{rel}","templated":true}]}}